{"id":15725,"date":"2023-01-19T11:14:27","date_gmt":"2023-01-19T16:14:27","guid":{"rendered":"https:\/\/isuarsivik.ca\/?page_id=15725"},"modified":"2023-05-25T13:57:32","modified_gmt":"2023-05-25T17:57:32","slug":"commis-a-la-comptabilite","status":"publish","type":"page","link":"https:\/\/isuarsivik.ca\/fr\/nos-offres-demploi\/commis-a-la-comptabilite\/","title":{"rendered":"Commis \u00e0 la comptabilit\u00e9"},"content":{"rendered":"<div class=\"wpb-content-wrapper\"><p>[vc_row css=\u00a0\u00bb.vc_custom_1650943584164{background-color: #f8f8f5 !important;}\u00a0\u00bb][vc_column offset=\u00a0\u00bbvc_hidden-xs\u00a0\u00bb][vc_empty_space height=\u00a0\u00bb60px\u00a0\u00bb][\/vc_column][\/vc_row][vc_row css=\u00a0\u00bb.vc_custom_1650995018858{padding-bottom: 50px !important;background-color: #f8f8f5 !important;}\u00a0\u00bb][vc_column][vc_row_inner el_class=\u00a0\u00bbintro-title\u00a0\u00bb][vc_column_inner width=\u00a0\u00bb2\/3&Prime;][vc_column_text]<\/p>\n<h1>Commis \u00e0 la comptabilit\u00e9<\/h1>\n<p>[\/vc_column_text][\/vc_column_inner][vc_column_inner el_class=\u00a0\u00bbbloc-intro-CTA\u00a0\u00bb width=\u00a0\u00bb1\/3&Prime;]<a data-hover=\"font-size:14px;color:#ffffff;background-color:#8bb9ad;margin:50px 0;padding:14px 35px;opacity:1;filter:alpha(opacity=100);\" class=\"wd-shortcode-button  CTA-new\" style=\"font-size:14px;color:#ffffff;background-color:#cc9a2e;margin:50px 0;padding:14px 35px;opacity:1;filter:alpha(opacity=100);\" href=\"#job-form\">Je postule<\/a>[\/vc_column_inner][\/vc_row_inner][vc_row_inner gap=\u00a0\u00bb35&Prime; css=\u00a0\u00bb.vc_custom_1651605656280{padding-top: 30px !important;}\u00a0\u00bb][vc_column_inner width=\u00a0\u00bb1\/3&Prime; css=\u00a0\u00bb.vc_custom_1650995395638{padding-right: 15% !important;}\u00a0\u00bb][vc_column_text css=\u00a0\u00bb.vc_custom_1650994460802{padding-bottom: 20px !important;}\u00a0\u00bb]<\/p>\n<h6 style=\"color: #8bb9ad; text-transform: uppercase; font-weight: 500; margin-bottom: 0px;\">Conditions<\/h6>\n<p style=\"font-size: 14px;\">Poste permanent \u00e0 temps plein<\/p>\n<p>[\/vc_column_text][vc_column_text css=\u00a0\u00bb.vc_custom_1674143916727{padding-bottom: 20px !important;}\u00a0\u00bb]<\/p>\n<h6 style=\"color: #8bb9ad; text-transform: uppercase; font-weight: 500; margin-bottom: 0px;\">D\u00e9partement<\/h6>\n<p style=\"font-size: 14px;\">Finances<\/p>\n<p>[\/vc_column_text][vc_column_text css=\u00a0\u00bb.vc_custom_1650994504389{padding-bottom: 20px !important;}\u00a0\u00bb]<\/p>\n<h6 style=\"color: #8bb9ad; text-transform: uppercase; font-weight: 500; margin-bottom: 0px;\">Emplacement<\/h6>\n<p style=\"font-size: 14px;\">Kuujjuaq, Qu\u00e9bec<\/p>\n<p>[\/vc_column_text][vc_column_text css=\u00a0\u00bb.vc_custom_1685036996846{padding-bottom: 20px !important;}\u00a0\u00bb]<\/p>\n<h6 style=\"color: #8bb9ad; text-transform: uppercase; font-weight: 500; margin-bottom: 0px;\">date de fin de l&rsquo;offre d&#8217;emploi<\/h6>\n<p style=\"font-size: 14px;\"><strong>2 juin 2023<\/strong><\/p>\n<p>[\/vc_column_text][\/vc_column_inner][vc_column_inner width=\u00a0\u00bb2\/3&Prime;][vc_column_text]Le commis ou la commis \u00e0 la comptabilit\u00e9 joue le r\u00f4le fondamental suivant\u00a0:<\/p>\n<ul>\n<li>Contribuer aux op\u00e9rations financi\u00e8res quotidiennes du Centre.<\/li>\n<li>Contribuer \u00e0 l\u2019\u00e9laboration de processus et de proc\u00e9dures pour les t\u00e2ches\/responsabilit\u00e9s du service financier.<\/li>\n<\/ul>\n<p>[\/vc_column_text][\/vc_column_inner][\/vc_row_inner][\/vc_column][\/vc_row][vc_row gap=\u00a0\u00bb35&Prime; css=\u00a0\u00bb.vc_custom_1651605702531{margin-top: 5% !important;margin-bottom: 5% !important;}\u00a0\u00bb][vc_column width=\u00a0\u00bb1\/3&Prime; css=\u00a0\u00bb.vc_custom_1651605734680{padding-bottom: 15px !important;}\u00a0\u00bb][vc_column_text]<\/p>\n<h4 style=\"font-size: 23px;\">Objectif du poste<\/h4>\n<p>[\/vc_column_text][\/vc_column][vc_column width=\u00a0\u00bb2\/3&Prime;][vc_column_text]Sous la direction du directeur ou de la directrice des finances, le commis ou la commis comptable aide aux op\u00e9rations quotidiennes du service des finances.[\/vc_column_text][\/vc_column][\/vc_row][vc_row gap=\u00a0\u00bb35&Prime; css=\u00a0\u00bb.vc_custom_1651605749592{margin-top: 5% !important;margin-bottom: 5% !important;}\u00a0\u00bb][vc_column width=\u00a0\u00bb1\/3&Prime; css=\u00a0\u00bb.vc_custom_1651605875256{padding-bottom: 15px !important;}\u00a0\u00bb][vc_column_text]<\/p>\n<h4 style=\"font-size: 23px; line-height: 110%;\">Fonctions<br \/>\net responsabilit\u00e9s essentielles<\/h4>\n<p>[\/vc_column_text][\/vc_column][vc_column width=\u00a0\u00bb2\/3&Prime;][vc_column_text css=\u00a0\u00bb.vc_custom_1674144003330{padding-bottom: 50px !important;}\u00a0\u00bb]<\/p>\n<h5 style=\"color: #cc9a2e; font-size: 16px;\">T\u00e2ches financi\u00e8res<\/h5>\n<p>Aider au fonctionnement quotidien du service des finances (audits, bons de commande et demandes de paiement pour du mat\u00e9riel, des fournitures, des \u00e9quipements, etc.) :<\/p>\n<ul>\n<li>V\u00e9rifier que les bons de commande sont cr\u00e9\u00e9s et imput\u00e9s aux comptes appropri\u00e9s.<\/li>\n<li>Examiner les factures et les relev\u00e9s des fournisseurs pour d\u00e9celer d\u2019\u00e9ventuelles erreurs ou divergences.<\/li>\n<li>Enqu\u00eater et r\u00e9soudre les \u00e9carts de facturation ou les transactions mal appliqu\u00e9es.<\/li>\n<li>Examiner tous les soldes cr\u00e9diteurs, les remboursements et les ajustements, et appliquer les ajustements ou les corrections aux relev\u00e9s.<\/li>\n<li>Participer \u00e0 l\u2019\u00e9quilibrage et au traitement des lots\u2009; pr\u00e9parer et distribuer des rapports et des statistiques sur les paiements au personnel cl\u00e9.<\/li>\n<li>Assurer la stricte confidentialit\u00e9 et le respect de la vie priv\u00e9e des dossiers financiers concernant l\u2019organisation, les employ\u00e9(e)s et les partenaires commerciaux.<\/li>\n<li>Aider \u00e0 enqu\u00eater sur les probl\u00e8mes de paiement tout en respectant les politiques et proc\u00e9dures financi\u00e8res de l\u2019organisation.<\/li>\n<\/ul>\n<ul>\n<li>Tenir un registre complet des transactions de l\u2019organisation, conform\u00e9ment aux processus et proc\u00e9dures du service.<\/li>\n<li>Faire les rapprochements bancaires et la tenue de livres sur les comptes assign\u00e9s.<\/li>\n<li>Assister le directeur ou la directrice des finances dans toutes les t\u00e2ches men\u00e9es au sein du service des finances, ou dans toutes les t\u00e2ches n\u00e9cessitant la participation du personnel comptable.<\/li>\n<li>Assister le directeur ou la directrice des finances dans la planification et la r\u00e9alisation des audits tout au long de l\u2019ann\u00e9e.<\/li>\n<li>Aider le directeur ou la directrice des finances \u00e0 se conformer \u00e0 toutes les lois provinciales et f\u00e9d\u00e9rales qui s\u2019appliquent \u00e0 l\u2019organisation.<\/li>\n<li>Performer toute autre t\u00e2che confi\u00e9e par le directeur ou la directrice des finances.<\/li>\n<\/ul>\n<p>[\/vc_column_text][vc_column_text css=\u00a0\u00bb.vc_custom_1674144036654{padding-bottom: 50px !important;}\u00a0\u00bb]<\/p>\n<h5 style=\"color: #cc9a2e; font-size: 16px;\">T\u00e2ches de bureau<\/h5>\n<ul>\n<li>Collecter, ouvrir et trier le courrier du service.<\/li>\n<li>Participer \u00e0 la r\u00e9daction de rapports et de lettres.<\/li>\n<li>Soutenir le personnel de gestion\u00a0: r\u00e9aliser toutes les t\u00e2ches comptables et de bureau qui lui sont confi\u00e9es.<\/li>\n<li>Faire l\u2019ouverture et la fermeture de la cuisine et suivre la liste de contr\u00f4le.<\/li>\n<li>Maintenir un poste de travail propre et ordonn\u00e9 en lavant et d\u00e9sinfectant l\u2019espace et l\u2019\u00e9quipement de cuisine.<\/li>\n<li>Signaler rapidement les probl\u00e8mes d\u2019\u00e9quipement, de qualit\u00e9 ou de manque d\u2019aliments.<\/li>\n<li>Conna\u00eetre et respecter syst\u00e9matiquement la taille des portions standard, les m\u00e9thodes de cuisson, les normes de qualit\u00e9 et les r\u00e8gles, les recettes, les politiques et les proc\u00e9dures de la cuisine.<\/li>\n<\/ul>\n<p>[\/vc_column_text][\/vc_column][\/vc_row][vc_row gap=\u00a0\u00bb35&Prime; css=\u00a0\u00bb.vc_custom_1651605776186{margin-top: 5% !important;margin-bottom: 5% !important;}\u00a0\u00bb][vc_column width=\u00a0\u00bb1\/3&Prime; css=\u00a0\u00bb.vc_custom_1651605894475{padding-bottom: 15px !important;}\u00a0\u00bb][vc_column_text]<\/p>\n<h4 style=\"font-size: 23px; line-height: 110%;\">Autres fonctions et responsabilit\u00e9s<\/h4>\n<p>[\/vc_column_text][\/vc_column][vc_column width=\u00a0\u00bb2\/3&Prime;][vc_column_text]Sous la direction du directeur ou de la directrice de l\u2019administration, aider le directeur (rice) g\u00e9n\u00e9ral(e) adjoint et tous les gestionnaires de la mani\u00e8re suivante\u00a0:<\/p>\n<ul>\n<li>Offrir de l\u2019aide administrative\u2009;<\/li>\n<li>Faire de la saisie des donn\u00e9es\u2009;<\/li>\n<li>Effectuer d\u2019autres t\u00e2ches connexes, selon les besoins de la direction.<\/li>\n<\/ul>\n<p>[\/vc_column_text][\/vc_column][\/vc_row][vc_row gap=\u00a0\u00bb35&Prime; css=\u00a0\u00bb.vc_custom_1651605762423{margin-top: 5% !important;margin-bottom: 5% !important;}\u00a0\u00bb][vc_column width=\u00a0\u00bb1\/3&Prime; css=\u00a0\u00bb.vc_custom_1651605882173{padding-bottom: 15px !important;}\u00a0\u00bb][vc_column_text]<\/p>\n<h4 style=\"font-size: 23px; line-height: 110%;\">Qualifications<\/h4>\n<p>[\/vc_column_text][\/vc_column][vc_column width=\u00a0\u00bb2\/3&Prime;][vc_column_text css=\u00a0\u00bb.vc_custom_1674144078774{padding-bottom: 50px !important;}\u00a0\u00bb]<\/p>\n<h5 style=\"color: #cc9a2e; font-size: 16px;\">\u00c9ducation<\/h5>\n<ul>\n<li>Dipl\u00f4me d\u2019\u00e9tudes secondaires.<\/li>\n<li>Une combinaison de formation et d\u2019exp\u00e9rience sera prise en compte.<\/li>\n<li>Volont\u00e9 de suivre un programme de formation en comptabilit\u00e9 ou de s\u2019engager dans une formation continue.<\/li>\n<\/ul>\n<p>[\/vc_column_text][vc_column_text css=\u00a0\u00bb.vc_custom_1674144094910{padding-bottom: 50px !important;}\u00a0\u00bb]<\/p>\n<h5 style=\"color: #cc9a2e; font-size: 16px;\">Exp\u00e9rience de travail<\/h5>\n<ul>\n<li>Deux \u00e0 trois ans d\u2019exp\u00e9rience dans un poste similaire.<\/li>\n<li>Une connaissance de base des syst\u00e8mes comptables, des budgets et des contr\u00f4les internes serait consid\u00e9r\u00e9e comme un atout.<\/li>\n<li>Une exp\u00e9rience avec Sage\u00a050 serait consid\u00e9r\u00e9e comme un atout.<\/li>\n<\/ul>\n<p>[\/vc_column_text][vc_column_text css=\u00a0\u00bb.vc_custom_1674144121689{padding-bottom: 50px !important;}\u00a0\u00bb]<\/p>\n<h5 style=\"color: #cc9a2e; font-size: 16px;\">Connaissances et comp\u00e9tences<\/h5>\n<ul>\n<li>Faire preuve d\u2019exp\u00e9rience personnelle et professionnelle dans un cadre interculturel.<\/li>\n<li>\u00catre capable de r\u00e9diger des rapports, des documents et des plans de travail sur un ordinateur.<\/li>\n<li>Faire preuve d\u2019une forte autonomie et d\u2019une bonne capacit\u00e9 \u00e0 travailler en \u00e9quipe.<\/li>\n<li>\u00catre capable de travailler en dehors des heures normales de bureau.<\/li>\n<li>Bien conna\u00eetra la suite Office, notamment Word, Excel et Outlook.<\/li>\n<li>D\u00e9tenir un haut niveau de compr\u00e9hension de la confidentialit\u00e9 et \u00eatre capable d\u2019agir de mani\u00e8re responsable et \u00e9thique lorsqu\u2019on travaille avec des renseignements financiers sensibles.<\/li>\n<li>Avoir un grand souci du d\u00e9tail et un haut degr\u00e9 de pr\u00e9cision.<\/li>\n<li>Accepter de se soumettre \u00e0 une v\u00e9rification du casier judiciaire<\/li>\n<\/ul>\n<p>[\/vc_column_text][vc_column_text]<\/p>\n<h5 style=\"color: #cc9a2e; font-size: 16px;\">Langues<\/h5>\n<ul>\n<li>\u00catre capable de lire, d\u2019\u00e9crire et de parler Inuktitut et anglais.<\/li>\n<\/ul>\n<p>[\/vc_column_text][\/vc_column][\/vc_row][vc_row gap=\u00a0\u00bb35&Prime; css=\u00a0\u00bb.vc_custom_1651605776186{margin-top: 5% !important;margin-bottom: 5% !important;}\u00a0\u00bb][vc_column width=\u00a0\u00bb1\/3&Prime; css=\u00a0\u00bb.vc_custom_1651605894475{padding-bottom: 15px !important;}\u00a0\u00bb][vc_column_text]<\/p>\n<h4 style=\"font-size: 23px; line-height: 110%;\">Environnement de travail<\/h4>\n<p>[\/vc_column_text][\/vc_column][vc_column width=\u00a0\u00bb2\/3&Prime;][vc_column_text]<\/p>\n<ul>\n<li>Isuarsivik conna\u00eet une importante p\u00e9riode de croissance qui exige de la flexibilit\u00e9 et de la cr\u00e9ativit\u00e9.<\/li>\n<li>Le titulaire ou la titulaire du poste devra trouver un \u00e9quilibre entre les demandes multiples et urgentes des usagers, du personnel et des partenaires.<\/li>\n<li>Vous devez \u00eatre pr\u00eat ou pr\u00eate \u00e0 relever les d\u00e9fis personnels et professionnels associ\u00e9s \u00e0 la vie dans une communaut\u00e9 nordique isol\u00e9e dont les ressources sont limit\u00e9es.<\/li>\n<\/ul>\n<p>[\/vc_column_text][\/vc_column][\/vc_row][vc_row gap=\u00a0\u00bb35&Prime; css=\u00a0\u00bb.vc_custom_1651605790362{margin-top: 5% !important;margin-bottom: 5% !important;}\u00a0\u00bb][vc_column width=\u00a0\u00bb1\/3&Prime; css=\u00a0\u00bb.vc_custom_1651605903540{padding-bottom: 15px !important;}\u00a0\u00bb][vc_column_text]<\/p>\n<h4 style=\"font-size: 23px; line-height: 110%;\">Salaires et avantages<\/h4>\n<p>[\/vc_column_text][\/vc_column][vc_column width=\u00a0\u00bb2\/3&Prime;][vc_column_text]<\/p>\n<ul>\n<li>Les conditions de travail sont celles pr\u00e9vues par le r\u00e9seau de la sant\u00e9 et des services sociaux du Nunavik.<\/li>\n<li>Le salaire sera \u00e9tabli en fonction des qualifications et de l\u2019exp\u00e9rience.<\/li>\n<li>Il y a une p\u00e9riode de probation.<\/li>\n<li>Programme de mentorat ou de formation offert (si les exigences ne sont pas satisfaites).<\/li>\n<\/ul>\n<p style=\"font-size: 12px;\">Isuarsivik favorise l\u2019embauche des b\u00e9n\u00e9ficiaires d\u2019un des accords sur les revendications territoriales des Inuit. Par cons\u00e9quent, il est \u00e0 la discr\u00e9tion du conseil d\u2019administration de renoncer \u00e0 l\u2019une ou l\u2019autre des exigences de qualification et de mettre en \u0153uvre un plan de formation ou de mentorat si n\u00e9cessaire.<\/p>\n<p>[\/vc_column_text][\/vc_column][\/vc_row][vc_row css=\u00a0\u00bb.vc_custom_1652386257682{margin-top: 200px !important;padding-bottom: 100px !important;background-color: #8bb9ad !important;}\u00a0\u00bb][vc_column][vc_column_text css=\u00a0\u00bb.vc_custom_1651606438385{background-color: #f8f8f5 !important;border-radius: 35px !important;}\u00a0\u00bb el_class=\u00a0\u00bbformulaire-career\u00a0\u00bb]\n<div class=\"wpcf7 no-js\" id=\"wpcf7-f13621-o1\" lang=\"en-US\" dir=\"ltr\" data-wpcf7-id=\"13621\">\n<div class=\"screen-reader-response\"><p role=\"status\" aria-live=\"polite\" aria-atomic=\"true\"><\/p> <ul><\/ul><\/div>\n<form action=\"\/fr\/wp-json\/wp\/v2\/pages\/15725?doing_wp_cron=1777596148.2699909210205078125000#wpcf7-f13621-o1\" method=\"post\" class=\"wpcf7-form init\" aria-label=\"Contact form\" enctype=\"multipart\/form-data\" novalidate=\"novalidate\" data-status=\"init\">\n<fieldset class=\"hidden-fields-container\"><input type=\"hidden\" name=\"_wpcf7\" value=\"13621\" \/><input type=\"hidden\" name=\"_wpcf7_version\" value=\"6.1.5\" \/><input type=\"hidden\" name=\"_wpcf7_locale\" value=\"en_US\" \/><input type=\"hidden\" name=\"_wpcf7_unit_tag\" value=\"wpcf7-f13621-o1\" \/><input type=\"hidden\" name=\"_wpcf7_container_post\" value=\"0\" \/><input type=\"hidden\" name=\"_wpcf7_posted_data_hash\" value=\"\" \/><input type=\"hidden\" name=\"_wpcf7_recaptcha_response\" value=\"\" \/>\n<\/fieldset>\n<div id=\"job-form\">\n<h2 class=\"career-form-title\" style=\"text-align:center; padding:40px 0;\">Apply for this job posting<\/h2>\n\n<div class=\"one-half\">\n   <label> First name* <span class=\"wpcf7-form-control-wrap\" data-name=\"First-name\"><input size=\"40\" maxlength=\"400\" class=\"wpcf7-form-control wpcf7-text wpcf7-validates-as-required\" aria-required=\"true\" aria-invalid=\"false\" value=\"\" type=\"text\" name=\"First-name\" \/><\/span><\/label>\n<\/div>\n \n<div class=\"one-half last\">\n     <label> Last name* <span class=\"wpcf7-form-control-wrap\" data-name=\"Last-name\"><input size=\"40\" maxlength=\"400\" class=\"wpcf7-form-control wpcf7-text wpcf7-validates-as-required\" aria-required=\"true\" aria-invalid=\"false\" value=\"\" type=\"text\" name=\"Last-name\" \/><\/span><\/label>\n<\/div>\n\n<div class=\"one-half\">\n      <label> Your email* <span class=\"wpcf7-form-control-wrap\" data-name=\"your-email\"><input size=\"40\" maxlength=\"400\" class=\"wpcf7-form-control wpcf7-email wpcf7-validates-as-required wpcf7-text wpcf7-validates-as-email\" aria-required=\"true\" aria-invalid=\"false\" value=\"\" type=\"email\" name=\"your-email\" \/><\/span> <\/label>\n<\/div>\n \n<div class=\"one-half last\">\n       <label> Phone number <span class=\"wpcf7-form-control-wrap\" data-name=\"Phonenumber\"><input size=\"40\" maxlength=\"400\" class=\"wpcf7-form-control wpcf7-tel wpcf7-text wpcf7-validates-as-tel\" aria-invalid=\"false\" value=\"\" type=\"tel\" name=\"Phonenumber\" \/><\/span><\/label>\n<\/div>\n\n<div class=\"one-half\">\n      <label> Confirm your email* <span class=\"wpcf7-form-control-wrap\" data-name=\"your-email\"><input size=\"40\" maxlength=\"400\" class=\"wpcf7-form-control wpcf7-email wpcf7-validates-as-required wpcf7-text wpcf7-validates-as-email\" aria-required=\"true\" aria-invalid=\"false\" value=\"\" type=\"email\" name=\"your-email\" \/><\/span> <\/label>\n<\/div>\n \n<div class=\"one-half last\">\n       <label> Confirm your phone number <span class=\"wpcf7-form-control-wrap\" data-name=\"Phonenumber\"><input size=\"40\" maxlength=\"400\" class=\"wpcf7-form-control wpcf7-tel wpcf7-text wpcf7-validates-as-tel\" aria-invalid=\"false\" value=\"\" type=\"tel\" name=\"Phonenumber\" \/><\/span><\/label>\n<\/div>\n\n\n<div class=\"one-half\">\n   <label> Community\/City* <span class=\"wpcf7-form-control-wrap\" data-name=\"City\"><input size=\"40\" maxlength=\"400\" class=\"wpcf7-form-control wpcf7-text wpcf7-validates-as-required\" aria-required=\"true\" aria-invalid=\"false\" value=\"\" type=\"text\" name=\"City\" \/><\/span> <\/label>\n<\/div>\n \n<div class=\"one-half last\">\n   <label> Province <span class=\"wpcf7-form-control-wrap\" data-name=\"Provinces\"><select class=\"wpcf7-form-control wpcf7-select\" aria-invalid=\"false\" name=\"Provinces\"><option value=\"Alberta\">Alberta<\/option><option value=\"Colombie-Britannique\">Colombie-Britannique<\/option><option value=\"\u00cele-du-Prince-\u00c9douard\">\u00cele-du-Prince-\u00c9douard<\/option><option value=\"Manitoba\">Manitoba<\/option><option value=\"Nouveau-Brunswick\">Nouveau-Brunswick<\/option><option value=\"Nouvelle-\u00c9cosse\">Nouvelle-\u00c9cosse<\/option><option value=\"Ontario\">Ontario<\/option><option value=\"Qu\u00e9bec\">Qu\u00e9bec<\/option><option value=\"Saskatchewan\">Saskatchewan<\/option><option value=\"Terre-Neuve-et-Labrador\">Terre-Neuve-et-Labrador<\/option><\/select><\/span><\/label>\n<\/div>\n\n<label> Are you a beneficiary of any of the Inuit land claims agreements\n<span style=\"font-weight:500;\">(Nunavik, Nunavut, Inuvialuit, Nunatsiavut)?<\/span><\/label>\n<span class=\"wpcf7-form-control-wrap\" data-name=\"radio-246\"><span class=\"wpcf7-form-control wpcf7-radio\"><span class=\"wpcf7-list-item first\"><label><input type=\"radio\" name=\"radio-246\" value=\"Yes\" checked=\"checked\" \/><span class=\"wpcf7-list-item-label\">Yes<\/span><\/label><\/span><span class=\"wpcf7-list-item last\"><label><input type=\"radio\" name=\"radio-246\" value=\"No\" \/><span class=\"wpcf7-list-item-label\">No<\/span><\/label><\/span><\/span><\/span> \n\n\n<label>Tell us about your interest in working at Isuarsivik <span class=\"wpcf7-form-control-wrap\" data-name=\"your-message\"><textarea cols=\"40\" rows=\"10\" maxlength=\"2000\" class=\"wpcf7-form-control wpcf7-textarea\" aria-invalid=\"false\" name=\"your-message\"><\/textarea><\/span> <\/label>\n\n<label>Where were your previous workplaces? <span class=\"wpcf7-form-control-wrap\" data-name=\"previous-workplace\"><textarea cols=\"40\" rows=\"10\" maxlength=\"2000\" class=\"wpcf7-form-control wpcf7-textarea\" aria-invalid=\"false\" name=\"previous-workplace\"><\/textarea><\/span> <\/label>\n\n<label>What are your professional competencies and skills? <span class=\"wpcf7-form-control-wrap\" data-name=\"competencies\"><textarea cols=\"40\" rows=\"10\" maxlength=\"2000\" class=\"wpcf7-form-control wpcf7-textarea\" aria-invalid=\"false\" name=\"competencies\"><\/textarea><\/span> <\/label>\n\n<label>Why should we hire you? <span class=\"wpcf7-form-control-wrap\" data-name=\"why-hire\"><textarea cols=\"40\" rows=\"10\" maxlength=\"2000\" class=\"wpcf7-form-control wpcf7-textarea\" aria-invalid=\"false\" name=\"why-hire\"><\/textarea><\/span> <\/label>\n\n<label>Which job offer would you like to apply for?*\n<span class=\"wpcf7-form-control-wrap\" data-name=\"Jobposting\"><select class=\"wpcf7-form-control wpcf7-select\" aria-invalid=\"false\" name=\"Jobposting\"><option value=\"No specific job posting\">No specific job posting<\/option><option value=\"Accounting Technician\">Accounting Technician<\/option><option value=\"Attendant\">Attendant<\/option><option value=\"Continued Care Counsellor\">Continued Care Counsellor<\/option><option value=\"Community Counsellor (Kangirsuk)\">Community Counsellor (Kangirsuk)<\/option><option value=\"Community Counsellor (Puvirnituq)\">Community Counsellor (Puvirnituq)<\/option><option value=\"Director of Finance, Administration, and Human Resources\">Director of Finance, Administration, and Human Resources<\/option><option value=\"Human Resources Technician\">Human Resources Technician<\/option><option value=\"Interpreter\">Interpreter<\/option><option value=\"IT Services Specialist\">IT Services Specialist<\/option><option value=\"Recovery Counsellor\">Recovery Counsellor<\/option><option value=\"Teacher\/Tutor\">Teacher\/Tutor<\/option><\/select><\/span>  <\/label>\n\n<label> Motivation Letter\/Resume\n<span class=\"wpcf7-form-control-wrap\" data-name=\"LettredemotivationCV\"><input size=\"40\" class=\"wpcf7-form-control wpcf7-file\" accept=\".png,.jpg,.doc,.ppt,.pdf,.docx\" aria-invalid=\"false\" type=\"file\" name=\"LettredemotivationCV\" \/><\/span><\/label>\n\n<label> Add files\n<span class=\"wpcf7-form-control-wrap\" data-name=\"Document\"><input size=\"40\" class=\"wpcf7-form-control wpcf7-file\" accept=\".png,.jpg,.doc,.ppt,.pdf,.docx\" aria-invalid=\"false\" type=\"file\" name=\"Document\" \/><\/span><\/label>\n\n<label style=\"margin-bottom:30px;\">Where did you hear about Isuarsivik\u2019s career opportunities?\n<span class=\"wpcf7-form-control-wrap\" data-name=\"Pointdecontact\"><select class=\"wpcf7-form-control wpcf7-select\" aria-invalid=\"false\" name=\"Pointdecontact\"><option value=\"Magazine\/Newspaper\">Magazine\/Newspaper<\/option><option value=\"Social Media (Facebook, Instagram, Linkedin, etc.)\">Social Media (Facebook, Instagram, Linkedin, etc.)<\/option><option value=\"Floor displays at airport and co-ops\">Floor displays at airport and co-ops<\/option><option value=\"Flyers\/Mailings\">Flyers\/Mailings<\/option><option value=\"Family and friends\">Family and friends<\/option><option value=\"Spotify\">Spotify<\/option><option value=\"Others\">Others<\/option><\/select><\/span><\/label>\n\n<input class=\"wpcf7-form-control wpcf7-submit has-spinner\" type=\"submit\" value=\"Submit your candidacy\" \/>\n\n\n<\/div><input type=\"hidden\" id=\"ct_checkjs_cf7_5b8add2a5d98b1a652ea7fd72d942dac\" name=\"ct_checkjs_cf7\" value=\"0\" \/><div class=\"wpcf7-response-output\" aria-hidden=\"true\"><\/div>\n<\/form>\n<\/div>\n[\/vc_column_text][\/vc_column][\/vc_row]<\/p>\n<\/div>","protected":false},"excerpt":{"rendered":"<p>[vc_row css=\u00a0\u00bb.vc_custom_1650943584164{background-color: #f8f8f5 !important;}\u00a0\u00bb][vc_column offset=\u00a0\u00bbvc_hidden-xs\u00a0\u00bb][vc_empty_space height=\u00a0\u00bb60px\u00a0\u00bb][\/vc_column][\/vc_row][vc_row css=\u00a0\u00bb.vc_custom_1650995018858{padding-bottom: 50px !important;background-color: #f8f8f5 !important;}\u00a0\u00bb][vc_column][vc_row_inner el_class=\u00a0\u00bbintro-title\u00a0\u00bb][vc_column_inner width=\u00a0\u00bb2\/3&Prime;][vc_column_text] Commis \u00e0 la comptabilit\u00e9 [\/vc_column_text][\/vc_column_inner][vc_column_inner el_class=\u00a0\u00bbbloc-intro-CTA\u00a0\u00bb width=\u00a0\u00bb1\/3&Prime;][\/vc_column_inner][\/vc_row_inner][vc_row_inner gap=\u00a0\u00bb35&Prime; css=\u00a0\u00bb.vc_custom_1651605656280{padding-top: 30px !important;}\u00a0\u00bb][vc_column_inner width=\u00a0\u00bb1\/3&Prime; css=\u00a0\u00bb.vc_custom_1650995395638{padding-right: 15% !important;}\u00a0\u00bb][vc_column_text css=\u00a0\u00bb.vc_custom_1650994460802{padding-bottom: 20px !important;}\u00a0\u00bb] Conditions Poste permanent \u00e0 temps plein [\/vc_column_text][vc_column_text css=\u00a0\u00bb.vc_custom_1674143916727{padding-bottom: 20px &hellip; <a href=\"https:\/\/isuarsivik.ca\/fr\/nos-offres-demploi\/commis-a-la-comptabilite\/\">Continue reading <span class=\"meta-nav\">&rarr;<\/span><\/a><\/p>\n","protected":false},"author":5,"featured_media":0,"parent":14206,"menu_order":0,"comment_status":"closed","ping_status":"closed","template":"page-templates\/fullwidth-template.php","meta":{"footnotes":""},"wf_page_folders":[244],"class_list":["post-15725","page","type-page","status-publish","hentry"],"_links":{"self":[{"href":"https:\/\/isuarsivik.ca\/fr\/wp-json\/wp\/v2\/pages\/15725","targetHints":{"allow":["GET"]}}],"collection":[{"href":"https:\/\/isuarsivik.ca\/fr\/wp-json\/wp\/v2\/pages"}],"about":[{"href":"https:\/\/isuarsivik.ca\/fr\/wp-json\/wp\/v2\/types\/page"}],"author":[{"embeddable":true,"href":"https:\/\/isuarsivik.ca\/fr\/wp-json\/wp\/v2\/users\/5"}],"replies":[{"embeddable":true,"href":"https:\/\/isuarsivik.ca\/fr\/wp-json\/wp\/v2\/comments?post=15725"}],"version-history":[{"count":0,"href":"https:\/\/isuarsivik.ca\/fr\/wp-json\/wp\/v2\/pages\/15725\/revisions"}],"up":[{"embeddable":true,"href":"https:\/\/isuarsivik.ca\/fr\/wp-json\/wp\/v2\/pages\/14206"}],"wp:attachment":[{"href":"https:\/\/isuarsivik.ca\/fr\/wp-json\/wp\/v2\/media?parent=15725"}],"wp:term":[{"taxonomy":"wf_page_folders","embeddable":true,"href":"https:\/\/isuarsivik.ca\/fr\/wp-json\/wp\/v2\/wf_page_folders?post=15725"}],"curies":[{"name":"wp","href":"https:\/\/api.w.org\/{rel}","templated":true}]}}