{"id":14966,"date":"2022-07-10T18:38:38","date_gmt":"2022-07-10T22:38:38","guid":{"rendered":"https:\/\/isuarsivik.ca\/?page_id=14966"},"modified":"2026-09-03T10:17:58","modified_gmt":"2026-09-03T14:17:58","slug":"prepose-a-lentretien","status":"publish","type":"page","link":"https:\/\/isuarsivik.ca\/fr\/nos-offres-demploi\/prepose-a-lentretien\/","title":{"rendered":"Pr\u00e9pos\u00e9(e) \u00e0 l\u2019entretien"},"content":{"rendered":"<div class=\"wpb-content-wrapper\"><p>[vc_row css=\u00a0\u00bb.vc_custom_1650943584164{background-color: #f8f8f5 !important;}\u00a0\u00bb][vc_column offset=\u00a0\u00bbvc_hidden-xs\u00a0\u00bb][vc_empty_space height=\u00a0\u00bb60px\u00a0\u00bb][\/vc_column][\/vc_row][vc_row css=\u00a0\u00bb.vc_custom_1650995018858{padding-bottom: 50px !important;background-color: #f8f8f5 !important;}\u00a0\u00bb][vc_column][vc_row_inner el_class=\u00a0\u00bbintro-title\u00a0\u00bb][vc_column_inner width=\u00a0\u00bb2\/3&Prime;][vc_column_text]<\/p>\n<h1>Sp\u00e9cialiste de l\u2019entretien<\/h1>\n<p>[\/vc_column_text][\/vc_column_inner][vc_column_inner el_class=\u00a0\u00bbbloc-intro-CTA\u00a0\u00bb width=\u00a0\u00bb1\/3&Prime;]<a data-hover=\"font-size:14px;color:#ffffff;background-color:#8bb9ad;margin:50px 0;padding:14px 35px;opacity:1;filter:alpha(opacity=100);\" class=\"wd-shortcode-button  CTA-new\" style=\"font-size:14px;color:#ffffff;background-color:#cc9a2e;margin:50px 0;padding:14px 35px;opacity:1;filter:alpha(opacity=100);\" href=\"#job-form\">Soumettre votre candidature<\/a>[\/vc_column_inner][\/vc_row_inner][vc_row_inner gap=\u00a0\u00bb35&Prime; css=\u00a0\u00bb.vc_custom_1651605656280{padding-top: 30px !important;}\u00a0\u00bb][vc_column_inner width=\u00a0\u00bb1\/3&Prime; css=\u00a0\u00bb.vc_custom_1650995395638{padding-right: 15% !important;}\u00a0\u00bb][vc_column_text css=\u00a0\u00bb.vc_custom_1650994460802{padding-bottom: 20px !important;}\u00a0\u00bb]<\/p>\n<h6 style=\"color: #8bb9ad; text-transform: uppercase; font-weight: 500; margin-bottom: 0px;\">Conditions<\/h6>\n<p style=\"font-size: 14px;\">Poste permanent \u00e0 temps plein<\/p>\n<p>[\/vc_column_text][vc_column_text css=\u00a0\u00bb.vc_custom_1657491999592{padding-bottom: 20px !important;}\u00a0\u00bb]<\/p>\n<h6 style=\"color: #8bb9ad; text-transform: uppercase; font-weight: 500; margin-bottom: 0px;\">D\u00e9partement<\/h6>\n<p style=\"font-size: 14px;\">Administration<\/p>\n<p>[\/vc_column_text][vc_column_text css=\u00a0\u00bb.vc_custom_1650994504389{padding-bottom: 20px !important;}\u00a0\u00bb]<\/p>\n<h6 style=\"color: #8bb9ad; text-transform: uppercase; font-weight: 500; margin-bottom: 0px;\">Emplacement<\/h6>\n<p style=\"font-size: 14px;\">Kuujjuaq, Qu\u00e9bec<\/p>\n<p>[\/vc_column_text][vc_column_text css=\u00a0\u00bb.vc_custom_1788444475450{padding-bottom: 20px !important;}\u00a0\u00bb]<\/p>\n<h6 style=\"color: #8bb9ad; text-transform: uppercase; font-weight: 500; margin-bottom: 0px;\">Date de fin d&rsquo;affichage de poste<\/h6>\n<p style=\"font-size: 14px;\">Ouvert jusqu\u2019\u00e0 ce que le poste soit pourvu<\/p>\n<p>[\/vc_column_text][\/vc_column_inner][vc_column_inner width=\u00a0\u00bb2\/3&Prime;][vc_column_text css=\u00a0\u00bb.vc_custom_1788444686089{padding-bottom: 30px !important;}\u00a0\u00bb]<\/p>\n<p class=\"isSelectedEnd\">Le ou la <strong>pr\u00e9pos\u00e9(e) \u00e0 l\u2019entretien<\/strong> joue un r\u00f4le essentiel en :<\/p>\n<ul data-spread=\"false\">\n<li>Effectuant les travaux d\u2019entretien ainsi que l\u2019entretien pr\u00e9ventif et physique des b\u00e2timents, des terrains et de l\u2019\u00e9quipement.<\/li>\n<li>Assurant la manutention et le transport des marchandises, du mobilier et d\u2019autres mat\u00e9riaux.<\/li>\n<li>Travaillant avec les autres d\u00e9partements afin de veiller \u00e0 ce que tous les services et activit\u00e9s offerts par Isuarsivik soient culturellement pertinents et s\u00e9curitaires.<\/li>\n<\/ul>\n<p>[\/vc_column_text][\/vc_column_inner][\/vc_row_inner][\/vc_column][\/vc_row][vc_row gap=\u00a0\u00bb35&Prime; css=\u00a0\u00bb.vc_custom_1651605702531{margin-top: 5% !important;margin-bottom: 5% !important;}\u00a0\u00bb][vc_column width=\u00a0\u00bb1\/3&Prime; css=\u00a0\u00bb.vc_custom_1651605734680{padding-bottom: 15px !important;}\u00a0\u00bb][vc_column_text]<\/p>\n<h4 style=\"font-size: 23px;\">Objectif du poste<\/h4>\n<p>[\/vc_column_text][\/vc_column][vc_column width=\u00a0\u00bb2\/3&Prime;][vc_column_text css=\u00a0\u00bb\u00a0\u00bb]Sous la direction du gestionnaire de l\u2019administration et la supervision quotidienne du coordonnateur de l\u2019entretien et des actifs, le ou la <strong>pr\u00e9pos\u00e9(e) \u00e0 l\u2019entretien<\/strong> est responsable de l\u2019entretien, des r\u00e9parations mineures et de la coordination des r\u00e9parations sp\u00e9cialis\u00e9es pour le Centre et l\u2019ensemble des b\u00e2timents d\u2019Isuarsivik.[\/vc_column_text][\/vc_column][\/vc_row][vc_row gap=\u00a0\u00bb35&Prime; css=\u00a0\u00bb.vc_custom_1651605749592{margin-top: 5% !important;margin-bottom: 5% !important;}\u00a0\u00bb][vc_column width=\u00a0\u00bb1\/3&Prime; css=\u00a0\u00bb.vc_custom_1651605875256{padding-bottom: 15px !important;}\u00a0\u00bb][vc_column_text]<\/p>\n<h4 style=\"font-size: 23px; line-height: 110%;\">Fonctions<br \/>\net responsabilit\u00e9s essentielles<\/h4>\n<p>[\/vc_column_text][\/vc_column][vc_column width=\u00a0\u00bb2\/3&Prime;][vc_column_text css=\u00a0\u00bb.vc_custom_1788444717697{padding-bottom: 50px !important;}\u00a0\u00bb]<\/p>\n<ul>\n<li>\u00catre responsable de l\u2019entretien physique et pr\u00e9ventif, incluant l\u2019installation principale, les logements du personnel et les autres b\u00e2timents d\u2019Isuarsivik.<\/li>\n<li>Effectuer des inspections et des travaux d\u2019entretien r\u00e9guliers, conform\u00e9ment aux registres d\u2019inspection et d\u2019entretien.<\/li>\n<li>Remplacer les ampoules et les tubes fluorescents; ravitailler en combustible ou assurer le ravitaillement et le fonctionnement des veilleuses des appareils de chauffage.<\/li>\n<li>Surveiller l\u2019\u00e9quipement et les syst\u00e8mes, et signaler toute panne d\u00e9tect\u00e9e lors de l\u2019ex\u00e9cution de ces travaux.<\/li>\n<li>Effectuer diff\u00e9rents types de r\u00e9parations mineures.<\/li>\n<li>Aider les fournisseurs sp\u00e9cialis\u00e9s lors de r\u00e9parations ou de projets.<\/li>\n<li>Utiliser, entreposer et \u00e9liminer de fa\u00e7on s\u00e9curitaire les diff\u00e9rents produits n\u00e9cessaires \u00e0 l\u2019ex\u00e9cution de ses t\u00e2ches, dans le respect des normes.<\/li>\n<li>D\u00e9placer du mobilier, manutentionner, transporter et entreposer des marchandises et des mat\u00e9riaux; utiliser l\u2019\u00e9quipement n\u00e9cessaire \u00e0 l\u2019ex\u00e9cution du travail.<\/li>\n<li>Effectuer l\u2019inventaire des pi\u00e8ces, de l\u2019\u00e9quipement et des produits d\u2019entretien, ainsi que planifier les achats n\u00e9cessaires.<\/li>\n<li>Pr\u00e9parer les salles et les espaces selon les am\u00e9nagements demand\u00e9s.<\/li>\n<li>Suivre les formations sur tous les syst\u00e8mes des nouveaux b\u00e2timents ainsi que la formation continue en entretien.<\/li>\n<li>Effectuer toute autre t\u00e2che connexe assign\u00e9e.<\/li>\n<\/ul>\n<p>[\/vc_column_text][\/vc_column][\/vc_row][vc_row gap=\u00a0\u00bb35&Prime; css=\u00a0\u00bb.vc_custom_1651605762423{margin-top: 5% !important;margin-bottom: 5% !important;}\u00a0\u00bb][vc_column width=\u00a0\u00bb1\/3&Prime; css=\u00a0\u00bb.vc_custom_1651605882173{padding-bottom: 15px !important;}\u00a0\u00bb][vc_column_text]<\/p>\n<h4 style=\"font-size: 23px; line-height: 110%;\">Qualifications<\/h4>\n<p>[\/vc_column_text][\/vc_column][vc_column width=\u00a0\u00bb2\/3&Prime;][vc_column_text css=\u00a0\u00bb.vc_custom_1657492070397{padding-bottom: 50px !important;}\u00a0\u00bb]<\/p>\n<h5 style=\"color: #cc9a2e; font-size: 16px;\">\u00c9ducation<\/h5>\n<ul>\n<li>Dipl\u00f4me d\u2019\u00e9tudes secondaires.<\/li>\n<li>Dipl\u00f4me d\u2019\u00e9tudes professionnelles (un atout).<\/li>\n<\/ul>\n<p>[\/vc_column_text][vc_column_text css=\u00a0\u00bb.vc_custom_1657492084482{padding-bottom: 50px !important;}\u00a0\u00bb]<\/p>\n<h5 style=\"color: #cc9a2e; font-size: 16px;\">Exp\u00e9rience de travail<\/h5>\n<ul>\n<li>3 ans d\u2019exp\u00e9rience dans le secteur du poste.<\/li>\n<\/ul>\n<p>[\/vc_column_text][vc_column_text css=\u00a0\u00bb.vc_custom_1788444760223{padding-bottom: 50px !important;}\u00a0\u00bb]<\/p>\n<h5 style=\"color: #cc9a2e; font-size: 16px;\">Connaissances et comp\u00e9tences<\/h5>\n<ul>\n<li>Capacit\u00e9 \u00e0 effectuer les travaux d\u2019entretien ainsi que l\u2019entretien pr\u00e9ventif et physique des b\u00e2timents, des terrains et de l\u2019\u00e9quipement.<\/li>\n<li>Connaissance de l\u2019utilisation appropri\u00e9e des diff\u00e9rents \u00e9quipements, fournitures et produits de nettoyage afin d\u2019assurer l\u2019entretien efficace des lieux.<\/li>\n<li>Capacit\u00e9 \u00e0 identifier les besoins en mat\u00e9riaux, produits et \u00e9quipements n\u00e9cessaires \u00e0 l\u2019ex\u00e9cution des t\u00e2ches, ainsi qu\u2019\u00e0 \u00e9liminer correctement et de fa\u00e7on s\u00e9curitaire diff\u00e9rents produits, dans le respect des normes.<\/li>\n<li>Capacit\u00e9 \u00e0 utiliser un ordinateur et les logiciels n\u00e9cessaires \u00e0 l\u2019ex\u00e9cution des t\u00e2ches, sur demande, un atout.<\/li>\n<li>Capacit\u00e9 \u00e0 assurer une s\u00e9curit\u00e9 ad\u00e9quate contre les incendies et le vol.<\/li>\n<li>Exp\u00e9rience personnelle et professionnelle dans un contexte interculturel.<\/li>\n<li>Grande capacit\u00e9 \u00e0 travailler de fa\u00e7on autonome et\/ou en \u00e9quipe.<\/li>\n<li>Capacit\u00e9 \u00e0 travailler en dehors des heures normales de bureau.<\/li>\n<li>La personne candidate doit \u00eatre dispos\u00e9e \u00e0 se soumettre \u00e0 une v\u00e9rification du casier judiciaire.<\/li>\n<\/ul>\n<p>[\/vc_column_text][vc_column_text css=\u00a0\u00bb\u00a0\u00bb]<\/p>\n<h5 style=\"color: #cc9a2e; font-size: 16px;\">Langues<\/h5>\n<ul>\n<li>Capacit\u00e9 de lire, d\u2019\u00e9crire et de parler l\u2019inuktitut et l\u2019anglais (obligatoire).<\/li>\n<li>Capacit\u00e9 de lire, d\u2019\u00e9crire et de parler le fran\u00e7ais (un atout).<\/li>\n<\/ul>\n<p>[\/vc_column_text][\/vc_column][\/vc_row][vc_row gap=\u00a0\u00bb35&Prime; css=\u00a0\u00bb.vc_custom_1651605776186{margin-top: 5% !important;margin-bottom: 5% !important;}\u00a0\u00bb][vc_column width=\u00a0\u00bb1\/3&Prime; css=\u00a0\u00bb.vc_custom_1651605894475{padding-bottom: 15px !important;}\u00a0\u00bb][vc_column_text css=\u00a0\u00bb\u00a0\u00bb]<\/p>\n<h4 style=\"font-size: 23px; line-height: 110%;\">Milieu de travail<\/h4>\n<p>[\/vc_column_text][\/vc_column][vc_column width=\u00a0\u00bb2\/3&Prime;][vc_column_text css=\u00a0\u00bb\u00a0\u00bb]<\/p>\n<ul>\n<li>Isuarsivik est en plein processus de d\u00e9veloppement majeur, ce qui exige de la flexibilit\u00e9, de la patience, de la cr\u00e9ativit\u00e9 et une grande capacit\u00e9 d\u2019adaptation.<\/li>\n<li>La personne titulaire du poste doit composer avec de multiples demandes et des requ\u00eates urgentes provenant des usagers, du personnel et des partenaires.<\/li>\n<li>Elle doit \u00eatre pr\u00eate \u00e0 relever les d\u00e9fis personnels et professionnels associ\u00e9s \u00e0 la vie dans une communaut\u00e9 nordique isol\u00e9e disposant de ressources limit\u00e9es.<\/li>\n<\/ul>\n<p>[\/vc_column_text][\/vc_column][\/vc_row][vc_row css=\u00a0\u00bb.vc_custom_1652381784103{margin-top: 200px !important;padding-bottom: 100px !important;background-color: #8bb9ad !important;}\u00a0\u00bb el_id=\u00a0\u00bbjob-form\u00a0\u00bb][vc_column el_id=\u00a0\u00bbjob-form\u00a0\u00bb][vc_column_text css=\u00a0\u00bb.vc_custom_1788444830219{background-color: #f8f8f5 !important;border-radius: 35px !important;}\u00a0\u00bb el_class=\u00a0\u00bbformulaire-career\u00a0\u00bb]\n<div class=\"wpcf7 no-js\" id=\"wpcf7-f14186-o1\" lang=\"en-US\" dir=\"ltr\" data-wpcf7-id=\"14186\">\n<div class=\"screen-reader-response\"><p role=\"status\" aria-live=\"polite\" aria-atomic=\"true\"><\/p> <ul><\/ul><\/div>\n<form action=\"\/fr\/wp-json\/wp\/v2\/pages\/14966#wpcf7-f14186-o1\" method=\"post\" class=\"wpcf7-form init\" aria-label=\"Contact form\" enctype=\"multipart\/form-data\" novalidate=\"novalidate\" data-status=\"init\">\n<fieldset class=\"hidden-fields-container\"><input type=\"hidden\" name=\"_wpcf7\" value=\"14186\" \/><input type=\"hidden\" name=\"_wpcf7_version\" value=\"6.1.7\" \/><input type=\"hidden\" name=\"_wpcf7_locale\" value=\"en_US\" \/><input type=\"hidden\" name=\"_wpcf7_unit_tag\" value=\"wpcf7-f14186-o1\" \/><input type=\"hidden\" name=\"_wpcf7_container_post\" value=\"0\" \/><input type=\"hidden\" name=\"_wpcf7_posted_data_hash\" value=\"\" \/><input type=\"hidden\" name=\"_wpcf7_recaptcha_response\" value=\"\" \/>\n<\/fieldset>\n<div class=\"wpcf7-turnstile cf-turnstile\" data-sitekey=\"0x4AAAAAAD_QmE7X4q0EqOzD\" data-response-field-name=\"_wpcf7_turnstile_response\"><\/div>\n\n<div id=\"job-form\">\n<h2 class=\"career-form-title\" style=\"text-align:center; padding:40px 0;\">Soumettre ma candidature pour ce poste<\/h2>\n\n<div class=\"one-half\">\n   <label> Pr\u00e9nom* <span class=\"wpcf7-form-control-wrap\" data-name=\"First-name\"><input size=\"40\" maxlength=\"400\" class=\"wpcf7-form-control wpcf7-text wpcf7-validates-as-required\" aria-required=\"true\" aria-invalid=\"false\" value=\"\" type=\"text\" name=\"First-name\" \/><\/span><\/label>\n<\/div>\n \n<div class=\"one-half last\">\n     <label> Nom* <span class=\"wpcf7-form-control-wrap\" data-name=\"Last-name\"><input size=\"40\" maxlength=\"400\" class=\"wpcf7-form-control wpcf7-text wpcf7-validates-as-required\" aria-required=\"true\" aria-invalid=\"false\" value=\"\" type=\"text\" name=\"Last-name\" \/><\/span><\/label>\n<\/div>\n\n<div class=\"one-half\">\n      <label> Adresse courriel* <span class=\"wpcf7-form-control-wrap\" data-name=\"your-email\"><input size=\"40\" maxlength=\"400\" class=\"wpcf7-form-control wpcf7-email wpcf7-validates-as-required wpcf7-text wpcf7-validates-as-email\" aria-required=\"true\" aria-invalid=\"false\" value=\"\" type=\"email\" name=\"your-email\" \/><\/span> <\/label>\n<\/div>\n \n<div class=\"one-half last\">\n       <label> Num\u00e9ro de t\u00e9l\u00e9phone <span class=\"wpcf7-form-control-wrap\" data-name=\"Phonenumber\"><input size=\"40\" maxlength=\"400\" class=\"wpcf7-form-control wpcf7-tel wpcf7-text wpcf7-validates-as-tel\" aria-invalid=\"false\" value=\"\" type=\"tel\" name=\"Phonenumber\" \/><\/span><\/label>\n<\/div>\n\n<div class=\"one-half\">\n      <label> Confirmer votre adresse courriel* <span class=\"wpcf7-form-control-wrap\" data-name=\"your-email\"><input size=\"40\" maxlength=\"400\" class=\"wpcf7-form-control wpcf7-email wpcf7-validates-as-required wpcf7-text wpcf7-validates-as-email\" aria-required=\"true\" aria-invalid=\"false\" value=\"\" type=\"email\" name=\"your-email\" \/><\/span> <\/label>\n<\/div>\n \n<div class=\"one-half last\">\n       <label> Confirmer votre num\u00e9ro de t\u00e9l\u00e9phone <span class=\"wpcf7-form-control-wrap\" data-name=\"Phonenumber\"><input size=\"40\" maxlength=\"400\" class=\"wpcf7-form-control wpcf7-tel wpcf7-text wpcf7-validates-as-tel\" aria-invalid=\"false\" value=\"\" type=\"tel\" name=\"Phonenumber\" \/><\/span><\/label>\n<\/div>\n\n\n<div class=\"one-half\">\n   <label> Communaut\u00e9\/ville <span class=\"wpcf7-form-control-wrap\" data-name=\"City\"><input size=\"40\" maxlength=\"400\" class=\"wpcf7-form-control wpcf7-text wpcf7-validates-as-required\" aria-required=\"true\" aria-invalid=\"false\" value=\"\" type=\"text\" name=\"City\" \/><\/span> <\/label>\n<\/div>\n \n<div class=\"one-half last\">\n   <label> Province <span class=\"wpcf7-form-control-wrap\" data-name=\"Provinces\"><select class=\"wpcf7-form-control wpcf7-select\" aria-invalid=\"false\" name=\"Provinces\"><option value=\"Alberta\">Alberta<\/option><option value=\"Colombie-Britannique\">Colombie-Britannique<\/option><option value=\"\u00cele-du-Prince-\u00c9douard\">\u00cele-du-Prince-\u00c9douard<\/option><option value=\"Manitoba\">Manitoba<\/option><option value=\"Nouveau-Brunswick\">Nouveau-Brunswick<\/option><option value=\"Nouvelle-\u00c9cosse\">Nouvelle-\u00c9cosse<\/option><option value=\"Ontario\">Ontario<\/option><option value=\"Qu\u00e9bec\">Qu\u00e9bec<\/option><option value=\"Saskatchewan\">Saskatchewan<\/option><option value=\"Terre-Neuve-et-Labrador\">Terre-Neuve-et-Labrador<\/option><\/select><\/span><\/label>\n<\/div>\n\n<label> \u00cates-vous b\u00e9n\u00e9ficiaire de l'une des ententes sur les revendications territoriales des Inuits\n<span style=\"font-weight:500;\">(Nunavik, Nunavut, Inuvialuit, Nunatsiavut)?<\/span><\/label>\n<span class=\"wpcf7-form-control-wrap\" data-name=\"radio-246\"><span class=\"wpcf7-form-control wpcf7-radio\"><span class=\"wpcf7-list-item first\"><label><input type=\"radio\" name=\"radio-246\" value=\"Oui\" checked=\"checked\" \/><span class=\"wpcf7-list-item-label\">Oui<\/span><\/label><\/span><span class=\"wpcf7-list-item last\"><label><input type=\"radio\" name=\"radio-246\" value=\"Non\" \/><span class=\"wpcf7-list-item-label\">Non<\/span><\/label><\/span><\/span><\/span> \n\n<label> Partage-nous ton int\u00e9r\u00eat pour joindre Isuarsivik <span class=\"wpcf7-form-control-wrap\" data-name=\"your-message\"><textarea cols=\"40\" rows=\"10\" maxlength=\"2000\" class=\"wpcf7-form-control wpcf7-textarea\" aria-invalid=\"false\" name=\"your-message\"><\/textarea><\/span> <\/label>\n\n<label>Quels sont vos emplois pr\u00e9c\u00e9dents? <span class=\"wpcf7-form-control-wrap\" data-name=\"previous-workplace\"><textarea cols=\"40\" rows=\"10\" maxlength=\"2000\" class=\"wpcf7-form-control wpcf7-textarea\" aria-invalid=\"false\" name=\"previous-workplace\"><\/textarea><\/span> <\/label>\n\n<label>Quelles sont vos comp\u00e9tences professionnelles? <span class=\"wpcf7-form-control-wrap\" data-name=\"competencies\"><textarea cols=\"40\" rows=\"10\" maxlength=\"2000\" class=\"wpcf7-form-control wpcf7-textarea\" aria-invalid=\"false\" name=\"competencies\"><\/textarea><\/span> <\/label>\n\n<label>Pourquoi devrions-nous vous engager? <span class=\"wpcf7-form-control-wrap\" data-name=\"why-hire\"><textarea cols=\"40\" rows=\"10\" maxlength=\"2000\" class=\"wpcf7-form-control wpcf7-textarea\" aria-invalid=\"false\" name=\"why-hire\"><\/textarea><\/span> <\/label>\n\n<label>Sur quelle offre d'emploi souhaites-tu poser ta candidature?* <\/label>\n<label> \n    <span class=\"wpcf7-form-control-wrap\" data-name=\"Firstchoice\"><select class=\"wpcf7-form-control wpcf7-select wpcf7-validates-as-required\" aria-required=\"true\" aria-invalid=\"false\" name=\"Firstchoice\"><option value=\"Aucun poste pr\u00e9cis\">Aucun poste pr\u00e9cis<\/option><option value=\"A\u00een\u00e9e conseill\u00e8re\">A\u00een\u00e9e conseill\u00e8re<\/option><option value=\"Conseiller ou Conseill\u00e8re en R\u00e9tablissement\">Conseiller ou Conseill\u00e8re en R\u00e9tablissement<\/option><option value=\"Coordonnateur \u2013 Services communautaires\">Coordonnateur \u2013 Services communautaires<\/option><option value=\"\u00c9ducateur(rice) de la petite enfance\">\u00c9ducateur(rice) de la petite enfance<\/option><option value=\"Facilitateur Culturel (Puvirnituq)\">Facilitateur Culturel (Puvirnituq)<\/option><option value=\"Facilitateur Culturel (Kuujjuaq)\">Facilitateur Culturel (Kuujjuaq)<\/option><option value=\"Gestionnaire des Services de R\u00e9tablissement\">Gestionnaire des Services de R\u00e9tablissement<\/option><option value=\"Interpr\u00e8te\/Traducteur(trice)\">Interpr\u00e8te\/Traducteur(trice)<\/option><option value=\"Pr\u00e9pos\u00e9(e)\">Pr\u00e9pos\u00e9(e)<\/option><option value=\"Adjoint(e) administratif(ve)\">Adjoint(e) administratif(ve)<\/option><option value=\"Agent(e) de Liaison Culturelle\">Agent(e) de Liaison Culturelle<\/option><option value=\"Coordonnateur ou Coordonnatrice de l\u2019Entretien et des Actifs\">Coordonnateur ou Coordonnatrice de l\u2019Entretien et des Actifs<\/option><option value=\"Commis de cuisine\">Commis de cuisine<\/option><option value=\"Concierge\">Concierge<\/option><option value=\"Cuisinier(\u00e8re)\">Cuisinier(\u00e8re)<\/option><option value=\"Directeur ou directrice des finances, de l\u2019administration et des ressources humaines\">Directeur ou directrice des finances, de l\u2019administration et des ressources humaines<\/option><option value=\"Sp\u00e9cialiste des Ressources Humaines\">Sp\u00e9cialiste des Ressources Humaines<\/option><option value=\"Technicien(ne) Comptable\">Technicien(ne) Comptable<\/option><\/select><\/span> \n<\/label>\n\n\n<label> Lettre de motivation ou CV\n<span class=\"wpcf7-form-control-wrap\" data-name=\"LettredemotivationCV\"><input size=\"40\" class=\"wpcf7-form-control wpcf7-file\" accept=\".png,.jpg,.doc,.ppt,.pdf,.docx\" aria-invalid=\"false\" type=\"file\" name=\"LettredemotivationCV\" \/><\/span><\/label>\n\n<label> T\u00e9l\u00e9charger des documents\n<span class=\"wpcf7-form-control-wrap\" data-name=\"Document\"><input size=\"40\" class=\"wpcf7-form-control wpcf7-file\" accept=\".png,.jpg,.doc,.ppt,.pdf,.docx\" aria-invalid=\"false\" type=\"file\" name=\"Document\" \/><\/span><\/label>\n\n<label style=\"margin-bottom:30px;\">O\u00f9 as-tu entendu parler des opportunit\u00e9s de carri\u00e8re d\u2019Isuarsivik?\n<span class=\"wpcf7-form-control-wrap\" data-name=\"Pointdecontact\"><select class=\"wpcf7-form-control wpcf7-select\" aria-invalid=\"false\" name=\"Pointdecontact\"><option value=\"Revue\/Journaux\">Revue\/Journaux<\/option><option value=\"M\u00e9dias sociaux (Facebook, Instagram, Linkedin, etc.)\">M\u00e9dias sociaux (Facebook, Instagram, Linkedin, etc.)<\/option><option value=\"Pr\u00e9sentoirs dans les a\u00e9roports et co-ops\">Pr\u00e9sentoirs dans les a\u00e9roports et co-ops<\/option><option value=\"D\u00e9pliants\/Envois postaux\">D\u00e9pliants\/Envois postaux<\/option><option value=\"Famille\/Amis\">Famille\/Amis<\/option><option value=\"Spotify\">Spotify<\/option><option value=\"Autres\">Autres<\/option><\/select><\/span><\/label>\n<\/div>\n\n<input class=\"wpcf7-form-control wpcf7-submit has-spinner\" type=\"submit\" value=\"Envoyer votre candidature\" \/>\n<\/div><input type=\"hidden\" id=\"ct_checkjs_cf7_950a4152c2b4aa3ad78bdd6b366cc179\" name=\"ct_checkjs_cf7\" value=\"0\" \/><input\n                    class=\"apbct_special_field apbct_email_id__wp_contact_form_7\"\n                    name=\"apbct__email_id__wp_contact_form_7\"\n                    aria-label=\"apbct__label_id__wp_contact_form_7\"\n                    type=\"text\" size=\"30\" maxlength=\"200\" autocomplete=\"off\"\n                    value=\"\"\n                \/><div class=\"wpcf7-response-output\" aria-hidden=\"true\"><\/div>\n<\/form>\n<\/div>\n[\/vc_column_text][\/vc_column][\/vc_row]<\/p>\n<\/div>","protected":false},"excerpt":{"rendered":"<p>[vc_row css=\u00a0\u00bb.vc_custom_1650943584164{background-color: #f8f8f5 !important;}\u00a0\u00bb][vc_column offset=\u00a0\u00bbvc_hidden-xs\u00a0\u00bb][vc_empty_space height=\u00a0\u00bb60px\u00a0\u00bb][\/vc_column][\/vc_row][vc_row css=\u00a0\u00bb.vc_custom_1650995018858{padding-bottom: 50px !important;background-color: #f8f8f5 !important;}\u00a0\u00bb][vc_column][vc_row_inner el_class=\u00a0\u00bbintro-title\u00a0\u00bb][vc_column_inner width=\u00a0\u00bb2\/3&Prime;][vc_column_text] Sp\u00e9cialiste de l\u2019entretien [\/vc_column_text][\/vc_column_inner][vc_column_inner el_class=\u00a0\u00bbbloc-intro-CTA\u00a0\u00bb width=\u00a0\u00bb1\/3&Prime;][\/vc_column_inner][\/vc_row_inner][vc_row_inner gap=\u00a0\u00bb35&Prime; css=\u00a0\u00bb.vc_custom_1651605656280{padding-top: 30px !important;}\u00a0\u00bb][vc_column_inner width=\u00a0\u00bb1\/3&Prime; css=\u00a0\u00bb.vc_custom_1650995395638{padding-right: 15% !important;}\u00a0\u00bb][vc_column_text css=\u00a0\u00bb.vc_custom_1650994460802{padding-bottom: 20px !important;}\u00a0\u00bb] Conditions Poste permanent \u00e0 temps plein [\/vc_column_text][vc_column_text css=\u00a0\u00bb.vc_custom_1657491999592{padding-bottom: 20px !important;}\u00a0\u00bb] &hellip; <a href=\"https:\/\/isuarsivik.ca\/fr\/nos-offres-demploi\/prepose-a-lentretien\/\">Continue reading <span class=\"meta-nav\">&rarr;<\/span><\/a><\/p>\n","protected":false},"author":9,"featured_media":0,"parent":25454,"menu_order":0,"comment_status":"closed","ping_status":"closed","template":"page-templates\/fullwidth-template.php","meta":{"footnotes":""},"wf_page_folders":[244],"class_list":["post-14966","page","type-page","status-publish","hentry"],"_links":{"self":[{"href":"https:\/\/isuarsivik.ca\/fr\/wp-json\/wp\/v2\/pages\/14966","targetHints":{"allow":["GET"]}}],"collection":[{"href":"https:\/\/isuarsivik.ca\/fr\/wp-json\/wp\/v2\/pages"}],"about":[{"href":"https:\/\/isuarsivik.ca\/fr\/wp-json\/wp\/v2\/types\/page"}],"author":[{"embeddable":true,"href":"https:\/\/isuarsivik.ca\/fr\/wp-json\/wp\/v2\/users\/9"}],"replies":[{"embeddable":true,"href":"https:\/\/isuarsivik.ca\/fr\/wp-json\/wp\/v2\/comments?post=14966"}],"version-history":[{"count":4,"href":"https:\/\/isuarsivik.ca\/fr\/wp-json\/wp\/v2\/pages\/14966\/revisions"}],"predecessor-version":[{"id":25748,"href":"https:\/\/isuarsivik.ca\/fr\/wp-json\/wp\/v2\/pages\/14966\/revisions\/25748"}],"up":[{"embeddable":true,"href":"https:\/\/isuarsivik.ca\/fr\/wp-json\/wp\/v2\/pages\/25454"}],"wp:attachment":[{"href":"https:\/\/isuarsivik.ca\/fr\/wp-json\/wp\/v2\/media?parent=14966"}],"wp:term":[{"taxonomy":"wf_page_folders","embeddable":true,"href":"https:\/\/isuarsivik.ca\/fr\/wp-json\/wp\/v2\/wf_page_folders?post=14966"}],"curies":[{"name":"wp","href":"https:\/\/api.w.org\/{rel}","templated":true}]}}