{"id":14548,"date":"2022-06-23T13:55:05","date_gmt":"2022-06-23T17:55:05","guid":{"rendered":"https:\/\/isuarsivik.ca\/?page_id=14548"},"modified":"2022-07-11T18:34:28","modified_gmt":"2022-07-11T22:34:28","slug":"specialiste-des-services-de-technologie-de-linformation","status":"publish","type":"page","link":"https:\/\/isuarsivik.ca\/fr\/nos-offres-demploi\/specialiste-des-services-de-technologie-de-linformation\/","title":{"rendered":"Sp\u00e9cialiste des services de technologie de l\u2019information"},"content":{"rendered":"<div class=\"wpb-content-wrapper\"><p>[vc_row css=\u00a0\u00bb.vc_custom_1650943584164{background-color: #f8f8f5 !important;}\u00a0\u00bb][vc_column offset=\u00a0\u00bbvc_hidden-xs\u00a0\u00bb][vc_empty_space height=\u00a0\u00bb60px\u00a0\u00bb][\/vc_column][\/vc_row][vc_row css=\u00a0\u00bb.vc_custom_1650995018858{padding-bottom: 50px !important;background-color: #f8f8f5 !important;}\u00a0\u00bb][vc_column][vc_row_inner el_class=\u00a0\u00bbintro-title\u00a0\u00bb][vc_column_inner width=\u00a0\u00bb2\/3&Prime;][vc_column_text]<\/p>\n<h1>Sp\u00e9cialiste des services de technologie de l\u2019information<\/h1>\n<p>[\/vc_column_text][\/vc_column_inner][vc_column_inner el_class=\u00a0\u00bbbloc-intro-CTA\u00a0\u00bb width=\u00a0\u00bb1\/3&Prime;]<a data-hover=\"font-size:14px;color:#ffffff;background-color:#8bb9ad;margin:50px 0;padding:14px 35px;opacity:1;filter:alpha(opacity=100);\" class=\"wd-shortcode-button  CTA-new\" style=\"font-size:14px;color:#ffffff;background-color:#cc9a2e;margin:50px 0;padding:14px 35px;opacity:1;filter:alpha(opacity=100);\" href=\"#job-form\">Je postule<\/a>[\/vc_column_inner][\/vc_row_inner][vc_row_inner gap=\u00a0\u00bb35&Prime; css=\u00a0\u00bb.vc_custom_1651605656280{padding-top: 30px !important;}\u00a0\u00bb][vc_column_inner width=\u00a0\u00bb1\/3&Prime; css=\u00a0\u00bb.vc_custom_1650995395638{padding-right: 15% !important;}\u00a0\u00bb][vc_column_text css=\u00a0\u00bb.vc_custom_1650994460802{padding-bottom: 20px !important;}\u00a0\u00bb]<\/p>\n<h6 style=\"color: #8bb9ad; text-transform: uppercase; font-weight: 500; margin-bottom: 0px;\">Conditions<\/h6>\n<p style=\"font-size: 14px;\">Poste permanent \u00e0 temps plein<\/p>\n<p>[\/vc_column_text][vc_column_text css=\u00a0\u00bb.vc_custom_1656005101099{padding-bottom: 20px !important;}\u00a0\u00bb]<\/p>\n<h6 style=\"color: #8bb9ad; text-transform: uppercase; font-weight: 500; margin-bottom: 0px;\">D\u00e9partement<\/h6>\n<p style=\"font-size: 14px;\">Administration<\/p>\n<p>[\/vc_column_text][vc_column_text css=\u00a0\u00bb.vc_custom_1650994504389{padding-bottom: 20px !important;}\u00a0\u00bb]<\/p>\n<h6 style=\"color: #8bb9ad; text-transform: uppercase; font-weight: 500; margin-bottom: 0px;\">Emplacement<\/h6>\n<p style=\"font-size: 14px;\">Kuujjuaq, Qu\u00e9bec<\/p>\n<p>[\/vc_column_text][vc_column_text css=\u00a0\u00bb.vc_custom_1657551935296{padding-bottom: 20px !important;}\u00a0\u00bb]<\/p>\n<h6 style=\"color: #8bb9ad; text-transform: uppercase; font-weight: 500; margin-bottom: 0px;\">Date de fin d&rsquo;affichage de poste<\/h6>\n<p style=\"font-size: 14px;\">30 septembre 2022<\/p>\n<p>[\/vc_column_text][\/vc_column_inner][vc_column_inner width=\u00a0\u00bb2\/3&Prime;][vc_column_text css=\u00a0\u00bb.vc_custom_1656005084522{padding-bottom: 30px !important;}\u00a0\u00bb]Le ou la sp\u00e9cialiste des services de technologie de l\u2019information (TI) joue un r\u00f4le crucial dans les domaines suivants :<\/p>\n<ul>\n<li>Aider \u00e0 la transition vers le nouvel environnement informatique et l\u2019installation de l\u2019\u00e9quipement.<\/li>\n<li>Aider \u00e0 l\u2019installation et la mise en fonction de l\u2019infrastructure informatique, des syst\u00e8mes informatiques et des logiciels.<\/li>\n<li>Concevoir et dispenser au personnel une formation sur l\u2019environnement informatique et l\u2019\u00e9quipement.<\/li>\n<li>Assurer le bon fonctionnement et l\u2019efficacit\u00e9 des syst\u00e8mes informatiques.<\/li>\n<li>Diagnostiquer, r\u00e9parer et maintenir les composants mat\u00e9riels et logiciels pour un fonctionnement efficace du syst\u00e8me.<\/li>\n<li>Travailler avec d\u2019autres divisions pour confirmer que toutes les activit\u00e9s et tous les services offerts par Isuarsivik sont culturellement pertinents et s\u00e9curitaires.<\/li>\n<\/ul>\n<p>[\/vc_column_text][\/vc_column_inner][\/vc_row_inner][\/vc_column][\/vc_row][vc_row gap=\u00a0\u00bb35&Prime; css=\u00a0\u00bb.vc_custom_1651605702531{margin-top: 5% !important;margin-bottom: 5% !important;}\u00a0\u00bb][vc_column width=\u00a0\u00bb1\/3&Prime; css=\u00a0\u00bb.vc_custom_1651605734680{padding-bottom: 15px !important;}\u00a0\u00bb][vc_column_text]<\/p>\n<h4 style=\"font-size: 23px;\">Objectif du poste<\/h4>\n<p>[\/vc_column_text][\/vc_column][vc_column width=\u00a0\u00bb2\/3&Prime;][vc_column_text]Sous la direction du ou de la responsable de l\u2019administration, le ou la sp\u00e9cialiste du soutien informatique fournit un soutien informatique \u00e0 tous les employ\u00e9(e)s selon les besoins et g\u00e8re une vari\u00e9t\u00e9 de syst\u00e8mes et d\u2019\u00e9quipements technologiques. Le ou la sp\u00e9cialiste sera le premier point de contact pour le soutien informatique au sein de l\u2019organisation.[\/vc_column_text][\/vc_column][\/vc_row][vc_row gap=\u00a0\u00bb35&Prime; css=\u00a0\u00bb.vc_custom_1651605749592{margin-top: 5% !important;margin-bottom: 5% !important;}\u00a0\u00bb][vc_column width=\u00a0\u00bb1\/3&Prime; css=\u00a0\u00bb.vc_custom_1651605875256{padding-bottom: 15px !important;}\u00a0\u00bb][vc_column_text]<\/p>\n<h4 style=\"font-size: 23px; line-height: 110%;\">Fonctions<br \/>\net responsabilit\u00e9s essentielles<\/h4>\n<p>[\/vc_column_text][\/vc_column][vc_column width=\u00a0\u00bb2\/3&Prime;][vc_column_text css=\u00a0\u00bb.vc_custom_1656005177556{padding-bottom: 50px !important;}\u00a0\u00bb]<\/p>\n<h5 style=\"color: #cc9a2e; font-size: 16px;\">Comp\u00e9tences techniques<\/h5>\n<ul>\n<li>Connaissance de base des r\u00e9seaux informatiques (DNS, DHCP, etc.)<\/li>\n<li>Connaissance des syst\u00e8mes de t\u00e9l\u00e9phonie traditionnels et IP<\/li>\n<li>Comp\u00e9tences en mati\u00e8re de d\u00e9pannage pour diff\u00e9rents syst\u00e8mes et leurs applications, notamment :\n<ul>\n<li>Maintenance et application de Windows Server 2012, 2016 et 2019<\/li>\n<li>Syst\u00e8me d\u2019exploitation Windows 10 et application<\/li>\n<li>R\u00e9seau IP et routage<\/li>\n<li>R\u00e9seau sans fil<\/li>\n<li>Mat\u00e9riel informatique<\/li>\n<li>S\u00e9curit\u00e9 et pare-feu<\/li>\n<\/ul>\n<\/li>\n<\/ul>\n<p>[\/vc_column_text][vc_column_text]<\/p>\n<h5 style=\"color: #cc9a2e; font-size: 16px;\"><strong>Comp\u00e9tences en mati\u00e8re de communication et de soutien<\/strong><\/h5>\n<ul>\n<li>Excellentes aptitudes \u00e0 la communication<\/li>\n<li>Proactivit\u00e9 et polyvalence, avec un fort sens de l\u2019initiative<\/li>\n<li>Aptitudes \u00e0 susciter la confiance et \u00e0 \u00e9tablir des relations solides<\/li>\n<li>Capacit\u00e9 \u00e0 s\u2019adapter rapidement et fr\u00e9quemment \u00e0 des priorit\u00e9s changeantes<\/li>\n<li>Capacit\u00e9 \u00e0 travailler en \u00e9quipe et de mani\u00e8re ind\u00e9pendante<\/li>\n<\/ul>\n<p>[\/vc_column_text][\/vc_column][\/vc_row][vc_row gap=\u00a0\u00bb35&Prime; css=\u00a0\u00bb.vc_custom_1651605762423{margin-top: 5% !important;margin-bottom: 5% !important;}\u00a0\u00bb][vc_column width=\u00a0\u00bb1\/3&Prime; css=\u00a0\u00bb.vc_custom_1651605882173{padding-bottom: 15px !important;}\u00a0\u00bb][vc_column_text]<\/p>\n<h4 style=\"font-size: 23px; line-height: 110%;\">Qualifications<\/h4>\n<p>[\/vc_column_text][\/vc_column][vc_column width=\u00a0\u00bb2\/3&Prime;][vc_column_text css=\u00a0\u00bb.vc_custom_1656005241840{padding-bottom: 50px !important;}\u00a0\u00bb]<\/p>\n<h5 style=\"color: #cc9a2e; font-size: 16px;\">\u00c9ducation<\/h5>\n<ul>\n<li>Dipl\u00f4me d\u2019\u00e9tudes coll\u00e9giales en technologie de l\u2019information (TI), ou exp\u00e9rience \u00e9quivalente (un atout).<\/li>\n<li>Formation professionnelle en TI (un atout).<\/li>\n<\/ul>\n<p>[\/vc_column_text][vc_column_text css=\u00a0\u00bb.vc_custom_1656005317222{padding-bottom: 50px !important;}\u00a0\u00bb]<\/p>\n<h5 style=\"color: #cc9a2e; font-size: 16px;\">Exp\u00e9rience de travail<\/h5>\n<ul>\n<li>Deux (2) ans d\u2019exp\u00e9rience dans un r\u00f4le similaire.<\/li>\n<\/ul>\n<p>[\/vc_column_text][vc_column_text css=\u00a0\u00bb.vc_custom_1656005334871{padding-bottom: 50px !important;}\u00a0\u00bb]<\/p>\n<h5 style=\"color: #cc9a2e; font-size: 16px;\">Connaissances et comp\u00e9tences<\/h5>\n<ul>\n<li>Capacit\u00e9 \u00e0 s\u2019adapter \u00e0 un environnement changeant et \u00e0 g\u00e9rer des priorit\u00e9s multiples.<\/li>\n<li>Capacit\u00e9 \u00e0 d\u00e9velopper une expertise et \u00e0 maintenir de solides comp\u00e9tences en mati\u00e8re d\u2019analyse et de d\u00e9pannage.<\/li>\n<li>Excellente communication orale et \u00e9crite.<\/li>\n<li>Excellentes comp\u00e9tences en mati\u00e8re de gestion du temps et d\u2019organisation, avec la capacit\u00e9 de respecter les d\u00e9lais.<\/li>\n<li>Discr\u00e9tion et confidentialit\u00e9.<\/li>\n<li>Exp\u00e9rience personnelle et professionnelle dans un cadre interculturel.<\/li>\n<li>Forte capacit\u00e9 \u00e0 travailler de mani\u00e8re ind\u00e9pendante et en \u00e9quipe.<\/li>\n<li>\u00catre capable de travailler en dehors des heures normales de bureau.<\/li>\n<li>Pr\u00eat(e) \u00e0 se soumettre \u00e0 une v\u00e9rification du casier judiciaire.<\/li>\n<\/ul>\n<p>[\/vc_column_text][vc_column_text]<\/p>\n<h5 style=\"color: #cc9a2e; font-size: 16px;\">Langues<\/h5>\n<ul>\n<li>Capacit\u00e9 de lire, d\u2019\u00e9crire et de parler l\u2019inuktitut et l\u2019anglais (obligatoire).<\/li>\n<li>Capacit\u00e9 de lire, d\u2019\u00e9crire et de parler le fran\u00e7ais (un atout).<\/li>\n<\/ul>\n<p><strong>Isuarsivik favorise l\u2019embauche des b\u00e9n\u00e9ficiaires d\u2019un des accords sur les revendications territoriales des Inuit. Par cons\u00e9quent, il est \u00e0 la discr\u00e9tion du conseil d\u2019administration de renoncer \u00e0 l\u2019une ou l\u2019autre des exigences de qualification et de mettre en \u0153uvre un plan de formation ou de mentorat si n\u00e9cessaire.<\/strong>[\/vc_column_text][\/vc_column][\/vc_row][vc_row gap=\u00a0\u00bb35&Prime; css=\u00a0\u00bb.vc_custom_1651605776186{margin-top: 5% !important;margin-bottom: 5% !important;}\u00a0\u00bb][vc_column width=\u00a0\u00bb1\/3&Prime; css=\u00a0\u00bb.vc_custom_1651605894475{padding-bottom: 15px !important;}\u00a0\u00bb][vc_column_text]<\/p>\n<h4 style=\"font-size: 23px; line-height: 110%;\">Environnement de travail<\/h4>\n<p>[\/vc_column_text][\/vc_column][vc_column width=\u00a0\u00bb2\/3&Prime;][vc_column_text]<\/p>\n<ul>\n<li>Isuarsivik vit une transition majeure qui exige souplesse, cr\u00e9ativit\u00e9 et adaptabilit\u00e9.<\/li>\n<li>La personne qui occupera ce poste doit trouver un \u00e9quilibre entre les multiples demandes et les besoins urgents des usager(\u00e8re)s, du personnel et des partenaires.<\/li>\n<li>Elle doit \u00e9galement \u00eatre pr\u00eate \u00e0 relever les d\u00e9fis personnels et professionnels associ\u00e9s \u00e0 la vie dans une communaut\u00e9 nordique isol\u00e9e et aux ressources limit\u00e9es.<\/li>\n<\/ul>\n<p>[\/vc_column_text][\/vc_column][\/vc_row][vc_row gap=\u00a0\u00bb35&Prime; css=\u00a0\u00bb.vc_custom_1651605790362{margin-top: 5% !important;margin-bottom: 5% !important;}\u00a0\u00bb][vc_column width=\u00a0\u00bb1\/3&Prime; css=\u00a0\u00bb.vc_custom_1651605903540{padding-bottom: 15px !important;}\u00a0\u00bb][vc_column_text]<\/p>\n<h4 style=\"font-size: 23px; line-height: 110%;\">Salaires et avantages<\/h4>\n<p>[\/vc_column_text][\/vc_column][vc_column width=\u00a0\u00bb2\/3&Prime;][vc_column_text]<\/p>\n<ul>\n<li>Les conditions de travail sont celles pr\u00e9vues par le r\u00e9seau de la sant\u00e9 et des services sociaux du Nunavik.<\/li>\n<li>Le salaire sera \u00e9tabli en fonction des qualifications et de l\u2019exp\u00e9rience.<\/li>\n<li>Il y a une p\u00e9riode de probation.<\/li>\n<li>Programme de mentorat ou de formation offert (si les exigences ne sont pas satisfaites).<\/li>\n<\/ul>\n<p>[\/vc_column_text][\/vc_column][\/vc_row][vc_row css=\u00a0\u00bb.vc_custom_1652381784103{margin-top: 200px !important;padding-bottom: 100px !important;background-color: #8bb9ad !important;}\u00a0\u00bb el_id=\u00a0\u00bbjob-form\u00a0\u00bb][vc_column el_id=\u00a0\u00bbjob-form\u00a0\u00bb][vc_column_text css=\u00a0\u00bb.vc_custom_1651606438385{background-color: #f8f8f5 !important;border-radius: 35px !important;}\u00a0\u00bb el_class=\u00a0\u00bbformulaire-career\u00a0\u00bb]\n<div class=\"wpcf7 no-js\" id=\"wpcf7-f13621-o1\" lang=\"en-US\" dir=\"ltr\" data-wpcf7-id=\"13621\">\n<div class=\"screen-reader-response\"><p role=\"status\" aria-live=\"polite\" aria-atomic=\"true\"><\/p> <ul><\/ul><\/div>\n<form action=\"\/fr\/wp-json\/wp\/v2\/pages\/14548?doing_wp_cron=1777595544.3394830226898193359375#wpcf7-f13621-o1\" method=\"post\" class=\"wpcf7-form init\" aria-label=\"Contact form\" enctype=\"multipart\/form-data\" novalidate=\"novalidate\" data-status=\"init\">\n<fieldset class=\"hidden-fields-container\"><input type=\"hidden\" name=\"_wpcf7\" value=\"13621\" \/><input type=\"hidden\" name=\"_wpcf7_version\" value=\"6.1.5\" \/><input type=\"hidden\" name=\"_wpcf7_locale\" value=\"en_US\" \/><input type=\"hidden\" name=\"_wpcf7_unit_tag\" value=\"wpcf7-f13621-o1\" \/><input type=\"hidden\" name=\"_wpcf7_container_post\" value=\"0\" \/><input type=\"hidden\" name=\"_wpcf7_posted_data_hash\" value=\"\" \/><input type=\"hidden\" name=\"_wpcf7_recaptcha_response\" value=\"\" \/>\n<\/fieldset>\n<div id=\"job-form\">\n<h2 class=\"career-form-title\" style=\"text-align:center; padding:40px 0;\">Apply for this job posting<\/h2>\n\n<div class=\"one-half\">\n   <label> First name* <span class=\"wpcf7-form-control-wrap\" data-name=\"First-name\"><input size=\"40\" maxlength=\"400\" class=\"wpcf7-form-control wpcf7-text wpcf7-validates-as-required\" aria-required=\"true\" aria-invalid=\"false\" value=\"\" type=\"text\" name=\"First-name\" \/><\/span><\/label>\n<\/div>\n \n<div class=\"one-half last\">\n     <label> Last name* <span class=\"wpcf7-form-control-wrap\" data-name=\"Last-name\"><input size=\"40\" maxlength=\"400\" class=\"wpcf7-form-control wpcf7-text wpcf7-validates-as-required\" aria-required=\"true\" aria-invalid=\"false\" value=\"\" type=\"text\" name=\"Last-name\" \/><\/span><\/label>\n<\/div>\n\n<div class=\"one-half\">\n      <label> Your email* <span class=\"wpcf7-form-control-wrap\" data-name=\"your-email\"><input size=\"40\" maxlength=\"400\" class=\"wpcf7-form-control wpcf7-email wpcf7-validates-as-required wpcf7-text wpcf7-validates-as-email\" aria-required=\"true\" aria-invalid=\"false\" value=\"\" type=\"email\" name=\"your-email\" \/><\/span> <\/label>\n<\/div>\n \n<div class=\"one-half last\">\n       <label> Phone number <span class=\"wpcf7-form-control-wrap\" data-name=\"Phonenumber\"><input size=\"40\" maxlength=\"400\" class=\"wpcf7-form-control wpcf7-tel wpcf7-text wpcf7-validates-as-tel\" aria-invalid=\"false\" value=\"\" type=\"tel\" name=\"Phonenumber\" \/><\/span><\/label>\n<\/div>\n\n<div class=\"one-half\">\n      <label> Confirm your email* <span class=\"wpcf7-form-control-wrap\" data-name=\"your-email\"><input size=\"40\" maxlength=\"400\" class=\"wpcf7-form-control wpcf7-email wpcf7-validates-as-required wpcf7-text wpcf7-validates-as-email\" aria-required=\"true\" aria-invalid=\"false\" value=\"\" type=\"email\" name=\"your-email\" \/><\/span> <\/label>\n<\/div>\n \n<div class=\"one-half last\">\n       <label> Confirm your phone number <span class=\"wpcf7-form-control-wrap\" data-name=\"Phonenumber\"><input size=\"40\" maxlength=\"400\" class=\"wpcf7-form-control wpcf7-tel wpcf7-text wpcf7-validates-as-tel\" aria-invalid=\"false\" value=\"\" type=\"tel\" name=\"Phonenumber\" \/><\/span><\/label>\n<\/div>\n\n\n<div class=\"one-half\">\n   <label> Community\/City* <span class=\"wpcf7-form-control-wrap\" data-name=\"City\"><input size=\"40\" maxlength=\"400\" class=\"wpcf7-form-control wpcf7-text wpcf7-validates-as-required\" aria-required=\"true\" aria-invalid=\"false\" value=\"\" type=\"text\" name=\"City\" \/><\/span> <\/label>\n<\/div>\n \n<div class=\"one-half last\">\n   <label> Province <span class=\"wpcf7-form-control-wrap\" data-name=\"Provinces\"><select class=\"wpcf7-form-control wpcf7-select\" aria-invalid=\"false\" name=\"Provinces\"><option value=\"Alberta\">Alberta<\/option><option value=\"Colombie-Britannique\">Colombie-Britannique<\/option><option value=\"\u00cele-du-Prince-\u00c9douard\">\u00cele-du-Prince-\u00c9douard<\/option><option value=\"Manitoba\">Manitoba<\/option><option value=\"Nouveau-Brunswick\">Nouveau-Brunswick<\/option><option value=\"Nouvelle-\u00c9cosse\">Nouvelle-\u00c9cosse<\/option><option value=\"Ontario\">Ontario<\/option><option value=\"Qu\u00e9bec\">Qu\u00e9bec<\/option><option value=\"Saskatchewan\">Saskatchewan<\/option><option value=\"Terre-Neuve-et-Labrador\">Terre-Neuve-et-Labrador<\/option><\/select><\/span><\/label>\n<\/div>\n\n<label> Are you a beneficiary of any of the Inuit land claims agreements\n<span style=\"font-weight:500;\">(Nunavik, Nunavut, Inuvialuit, Nunatsiavut)?<\/span><\/label>\n<span class=\"wpcf7-form-control-wrap\" data-name=\"radio-246\"><span class=\"wpcf7-form-control wpcf7-radio\"><span class=\"wpcf7-list-item first\"><label><input type=\"radio\" name=\"radio-246\" value=\"Yes\" checked=\"checked\" \/><span class=\"wpcf7-list-item-label\">Yes<\/span><\/label><\/span><span class=\"wpcf7-list-item last\"><label><input type=\"radio\" name=\"radio-246\" value=\"No\" \/><span class=\"wpcf7-list-item-label\">No<\/span><\/label><\/span><\/span><\/span> \n\n\n<label>Tell us about your interest in working at Isuarsivik <span class=\"wpcf7-form-control-wrap\" data-name=\"your-message\"><textarea cols=\"40\" rows=\"10\" maxlength=\"2000\" class=\"wpcf7-form-control wpcf7-textarea\" aria-invalid=\"false\" name=\"your-message\"><\/textarea><\/span> <\/label>\n\n<label>Where were your previous workplaces? <span class=\"wpcf7-form-control-wrap\" data-name=\"previous-workplace\"><textarea cols=\"40\" rows=\"10\" maxlength=\"2000\" class=\"wpcf7-form-control wpcf7-textarea\" aria-invalid=\"false\" name=\"previous-workplace\"><\/textarea><\/span> <\/label>\n\n<label>What are your professional competencies and skills? <span class=\"wpcf7-form-control-wrap\" data-name=\"competencies\"><textarea cols=\"40\" rows=\"10\" maxlength=\"2000\" class=\"wpcf7-form-control wpcf7-textarea\" aria-invalid=\"false\" name=\"competencies\"><\/textarea><\/span> <\/label>\n\n<label>Why should we hire you? <span class=\"wpcf7-form-control-wrap\" data-name=\"why-hire\"><textarea cols=\"40\" rows=\"10\" maxlength=\"2000\" class=\"wpcf7-form-control wpcf7-textarea\" aria-invalid=\"false\" name=\"why-hire\"><\/textarea><\/span> <\/label>\n\n<label>Which job offer would you like to apply for?*\n<span class=\"wpcf7-form-control-wrap\" data-name=\"Jobposting\"><select class=\"wpcf7-form-control wpcf7-select\" aria-invalid=\"false\" name=\"Jobposting\"><option value=\"No specific job posting\">No specific job posting<\/option><option value=\"Accounting Technician\">Accounting Technician<\/option><option value=\"Attendant\">Attendant<\/option><option value=\"Continued Care Counsellor\">Continued Care Counsellor<\/option><option value=\"Community Counsellor (Kangirsuk)\">Community Counsellor (Kangirsuk)<\/option><option value=\"Community Counsellor (Puvirnituq)\">Community Counsellor (Puvirnituq)<\/option><option value=\"Director of Finance, Administration, and Human Resources\">Director of Finance, Administration, and Human Resources<\/option><option value=\"Human Resources Technician\">Human Resources Technician<\/option><option value=\"Interpreter\">Interpreter<\/option><option value=\"IT Services Specialist\">IT Services Specialist<\/option><option value=\"Recovery Counsellor\">Recovery Counsellor<\/option><option value=\"Teacher\/Tutor\">Teacher\/Tutor<\/option><\/select><\/span>  <\/label>\n\n<label> Motivation Letter\/Resume\n<span class=\"wpcf7-form-control-wrap\" data-name=\"LettredemotivationCV\"><input size=\"40\" class=\"wpcf7-form-control wpcf7-file\" accept=\".png,.jpg,.doc,.ppt,.pdf,.docx\" aria-invalid=\"false\" type=\"file\" name=\"LettredemotivationCV\" \/><\/span><\/label>\n\n<label> Add files\n<span class=\"wpcf7-form-control-wrap\" data-name=\"Document\"><input size=\"40\" class=\"wpcf7-form-control wpcf7-file\" accept=\".png,.jpg,.doc,.ppt,.pdf,.docx\" aria-invalid=\"false\" type=\"file\" name=\"Document\" \/><\/span><\/label>\n\n<label style=\"margin-bottom:30px;\">Where did you hear about Isuarsivik\u2019s career opportunities?\n<span class=\"wpcf7-form-control-wrap\" data-name=\"Pointdecontact\"><select class=\"wpcf7-form-control wpcf7-select\" aria-invalid=\"false\" name=\"Pointdecontact\"><option value=\"Magazine\/Newspaper\">Magazine\/Newspaper<\/option><option value=\"Social Media (Facebook, Instagram, Linkedin, etc.)\">Social Media (Facebook, Instagram, Linkedin, etc.)<\/option><option value=\"Floor displays at airport and co-ops\">Floor displays at airport and co-ops<\/option><option value=\"Flyers\/Mailings\">Flyers\/Mailings<\/option><option value=\"Family and friends\">Family and friends<\/option><option value=\"Spotify\">Spotify<\/option><option value=\"Others\">Others<\/option><\/select><\/span><\/label>\n\n<input class=\"wpcf7-form-control wpcf7-submit has-spinner\" type=\"submit\" value=\"Submit your candidacy\" \/>\n\n\n<\/div><input type=\"hidden\" id=\"ct_checkjs_cf7_fa14d4fe2f19414de3ebd9f63d5c0169\" name=\"ct_checkjs_cf7\" value=\"0\" \/><div class=\"wpcf7-response-output\" aria-hidden=\"true\"><\/div>\n<\/form>\n<\/div>\n[\/vc_column_text][\/vc_column][\/vc_row]<\/p>\n<\/div>","protected":false},"excerpt":{"rendered":"<p>[vc_row css=\u00a0\u00bb.vc_custom_1650943584164{background-color: #f8f8f5 !important;}\u00a0\u00bb][vc_column offset=\u00a0\u00bbvc_hidden-xs\u00a0\u00bb][vc_empty_space height=\u00a0\u00bb60px\u00a0\u00bb][\/vc_column][\/vc_row][vc_row css=\u00a0\u00bb.vc_custom_1650995018858{padding-bottom: 50px !important;background-color: #f8f8f5 !important;}\u00a0\u00bb][vc_column][vc_row_inner el_class=\u00a0\u00bbintro-title\u00a0\u00bb][vc_column_inner width=\u00a0\u00bb2\/3&Prime;][vc_column_text] Sp\u00e9cialiste des services de technologie de l\u2019information [\/vc_column_text][\/vc_column_inner][vc_column_inner el_class=\u00a0\u00bbbloc-intro-CTA\u00a0\u00bb width=\u00a0\u00bb1\/3&Prime;][\/vc_column_inner][\/vc_row_inner][vc_row_inner gap=\u00a0\u00bb35&Prime; css=\u00a0\u00bb.vc_custom_1651605656280{padding-top: 30px !important;}\u00a0\u00bb][vc_column_inner width=\u00a0\u00bb1\/3&Prime; css=\u00a0\u00bb.vc_custom_1650995395638{padding-right: 15% !important;}\u00a0\u00bb][vc_column_text css=\u00a0\u00bb.vc_custom_1650994460802{padding-bottom: 20px !important;}\u00a0\u00bb] Conditions Poste permanent \u00e0 temps plein &hellip; <a href=\"https:\/\/isuarsivik.ca\/fr\/nos-offres-demploi\/specialiste-des-services-de-technologie-de-linformation\/\">Continue reading <span class=\"meta-nav\">&rarr;<\/span><\/a><\/p>\n","protected":false},"author":5,"featured_media":0,"parent":14206,"menu_order":0,"comment_status":"closed","ping_status":"closed","template":"page-templates\/fullwidth-template.php","meta":{"footnotes":""},"wf_page_folders":[244],"class_list":["post-14548","page","type-page","status-publish","hentry"],"_links":{"self":[{"href":"https:\/\/isuarsivik.ca\/fr\/wp-json\/wp\/v2\/pages\/14548","targetHints":{"allow":["GET"]}}],"collection":[{"href":"https:\/\/isuarsivik.ca\/fr\/wp-json\/wp\/v2\/pages"}],"about":[{"href":"https:\/\/isuarsivik.ca\/fr\/wp-json\/wp\/v2\/types\/page"}],"author":[{"embeddable":true,"href":"https:\/\/isuarsivik.ca\/fr\/wp-json\/wp\/v2\/users\/5"}],"replies":[{"embeddable":true,"href":"https:\/\/isuarsivik.ca\/fr\/wp-json\/wp\/v2\/comments?post=14548"}],"version-history":[{"count":0,"href":"https:\/\/isuarsivik.ca\/fr\/wp-json\/wp\/v2\/pages\/14548\/revisions"}],"up":[{"embeddable":true,"href":"https:\/\/isuarsivik.ca\/fr\/wp-json\/wp\/v2\/pages\/14206"}],"wp:attachment":[{"href":"https:\/\/isuarsivik.ca\/fr\/wp-json\/wp\/v2\/media?parent=14548"}],"wp:term":[{"taxonomy":"wf_page_folders","embeddable":true,"href":"https:\/\/isuarsivik.ca\/fr\/wp-json\/wp\/v2\/wf_page_folders?post=14548"}],"curies":[{"name":"wp","href":"https:\/\/api.w.org\/{rel}","templated":true}]}}