{"id":14182,"date":"2022-05-05T16:30:41","date_gmt":"2022-05-05T20:30:41","guid":{"rendered":"https:\/\/isuarsivik.ca\/directeur-des-programmes\/"},"modified":"2026-08-27T13:08:30","modified_gmt":"2026-08-27T17:08:30","slug":"directeur-des-programmes","status":"publish","type":"page","link":"https:\/\/isuarsivik.ca\/fr\/nos-offres-demploi\/directeur-des-programmes\/","title":{"rendered":"Directeur des Programmes"},"content":{"rendered":"<div class=\"wpb-content-wrapper\"><p>[vc_row css=\u00a0\u00bb.vc_custom_1650943584164{background-color: #f8f8f5 !important;}\u00a0\u00bb][vc_column offset=\u00a0\u00bbvc_hidden-xs\u00a0\u00bb][vc_empty_space height=\u00a0\u00bb60px\u00a0\u00bb][\/vc_column][\/vc_row][vc_row css=\u00a0\u00bb.vc_custom_1650995018858{padding-bottom: 50px !important;background-color: #f8f8f5 !important;}\u00a0\u00bb][vc_column][vc_row_inner el_class=\u00a0\u00bbintro-title\u00a0\u00bb][vc_column_inner width=\u00a0\u00bb2\/3&Prime;][vc_column_text css=\u00a0\u00bb\u00a0\u00bb]<\/p>\n<h2>Directeur ou Directrice<br \/>\ndes Programmes<\/h2>\n<p>[\/vc_column_text][\/vc_column_inner][vc_column_inner el_class=\u00a0\u00bbbloc-intro-CTA\u00a0\u00bb width=\u00a0\u00bb1\/3&Prime;]<a data-hover=\"font-size:14px;color:#ffffff;background-color:#8bb9ad;margin:50px 0;padding:14px 35px;opacity:1;filter:alpha(opacity=100);\" class=\"wd-shortcode-button  CTA-new\" style=\"font-size:14px;color:#ffffff;background-color:#cc9a2e;margin:50px 0;padding:14px 35px;opacity:1;filter:alpha(opacity=100);\" href=\"#job-form\">Soummettre me candidature<\/a>[\/vc_column_inner][\/vc_row_inner][vc_row_inner gap=\u00a0\u00bb35&Prime; css=\u00a0\u00bb.vc_custom_1651605656280{padding-top: 30px !important;}\u00a0\u00bb][vc_column_inner width=\u00a0\u00bb1\/3&Prime; css=\u00a0\u00bb.vc_custom_1650995395638{padding-right: 15% !important;}\u00a0\u00bb][vc_column_text css=\u00a0\u00bb.vc_custom_1787232595150{padding-bottom: 20px !important;}\u00a0\u00bb]<\/p>\n<h6 style=\"color: #8bb9ad; text-transform: uppercase; font-weight: 500; margin-bottom: 0px;\">Conditions<\/h6>\n<p style=\"font-size: 14px;\">Permanent \/ temps plein<\/p>\n<p>[\/vc_column_text][vc_column_text css=\u00a0\u00bb.vc_custom_1787232622754{padding-bottom: 20px !important;}\u00a0\u00bb]<\/p>\n<h6 style=\"color: #8bb9ad; text-transform: uppercase; font-weight: 500; margin-bottom: 0px;\">D\u00c9PARTEMENT<\/h6>\n<p style=\"font-size: 14px;\">Direction g\u00e9n\u00e9rale<\/p>\n<p>[\/vc_column_text][vc_column_text css=\u00a0\u00bb.vc_custom_1787232635363{padding-bottom: 20px !important;}\u00a0\u00bb]<\/p>\n<h6 style=\"color: #8bb9ad; text-transform: uppercase; font-weight: 500; margin-bottom: 0px;\">SUPERVISEUR DIRECT<\/h6>\n<p style=\"font-size: 14px;\">Directeur g\u00e9n\u00e9ral<\/p>\n<p>[\/vc_column_text][vc_column_text css=\u00a0\u00bb.vc_custom_1787232645989{padding-bottom: 20px !important;}\u00a0\u00bb]<\/p>\n<h6 style=\"color: #8bb9ad; text-transform: uppercase; font-weight: 500; margin-bottom: 0px;\">LIEU<\/h6>\n<p style=\"font-size: 14px;\">Kuujjuaq, Qu\u00e9bec<\/p>\n<p>[\/vc_column_text][vc_column_text css=\u00a0\u00bb.vc_custom_1787232665041{padding-bottom: 20px !important;}\u00a0\u00bb]<\/p>\n<h6 style=\"color: #8bb9ad; text-transform: uppercase; font-weight: 500; margin-bottom: 0px;\">Date de fin d&rsquo;affichage de poste<\/h6>\n<p>Ce poste restera affich\u00e9 jusqu\u2019\u00e0 ce qu\u2019il soit pourvu.[\/vc_column_text][vc_column_text css=\u00a0\u00bb.vc_custom_1787232683910{padding-bottom: 20px !important;}\u00a0\u00bb]<\/p>\n<h6 style=\"color: #8bb9ad; text-transform: uppercase; font-weight: 500; margin-bottom: 0px;\">DATE D\u2019ENTR\u00c9E EN FONCTION<\/h6>\n<p>Automne 2026 ou hiver 2027[\/vc_column_text][\/vc_column_inner][vc_column_inner width=\u00a0\u00bb2\/3&Prime;][vc_column_text css=\u00a0\u00bb.vc_custom_1650993841144{padding-bottom: 30px !important;}\u00a0\u00bb]Le Centre r\u00e9gional de r\u00e9tablissement Isuarsivik est un centre de r\u00e9tablissement pour les 14 communaut\u00e9s du Nunavik, dans le nord du Qu\u00e9bec. Le centre offre un programme de gu\u00e9rison avec h\u00e9bergement de 8 semaines ainsi qu&rsquo;une vari\u00e9t\u00e9 de services de soins continus, y compris des rencontres individuelles, de couple et de famille, des activit\u00e9s de groupe de soutien communautaire ainsi que des s\u00e9ances de r\u00e9tablissement directement sur le territoire.<\/p>\n<p>[\/vc_column_text][vc_column_text css=\u00a0\u00bb\u00a0\u00bb]<\/p>\n<p class=\"PDq2pG_selectionAnchorContainer\" data-start=\"406\" data-end=\"1012\">Le Centre r\u00e9gional de r\u00e9tablissement Isuarsivik offre des services culturellement adapt\u00e9s qui soutiennent la gu\u00e9rison collective des Nunavimmiut et de leurs proches confront\u00e9s aux traumatismes et \u00e0 la consommation de substances, \u00e0 Kuujjuaq, dans les communaut\u00e9s et au-del\u00e0. Le Centre offre un programme r\u00e9sidentiel de huit semaines, une semaine de gu\u00e9rison sur le territoire, ainsi qu\u2019une vari\u00e9t\u00e9 de services de soins continus, notamment des rencontres individuelles, de couple et familiales, des activit\u00e9s de groupes de soutien communautaire et des s\u00e9ances de r\u00e9tablissement directement sur le territoire.<\/p>\n<p data-start=\"1014\" data-end=\"1577\">\u00c0 Isuarsivik, le directeur ou la directrice des programmes partage les responsabilit\u00e9s de leadership de l\u2019organisation avec le directeur g\u00e9n\u00e9ral et le directeur ou la directrice des finances, de l\u2019administration et des ressources humaines. Le directeur ou la directrice des programmes supervise trois d\u00e9partements de programmation, soit principalement les Valeurs et pratiques inuites, le R\u00e9tablissement et les Soins continus, et veille \u00e0 ce que les programmes soient s\u00e9curitaires, accessibles et adapt\u00e9s aux r\u00e9alit\u00e9s, \u00e0 la culture et aux besoins des Nunavimmiut.<\/p>\n<p data-start=\"1579\" data-end=\"2052\">Un \u00e9l\u00e9ment cl\u00e9 de ce r\u00f4le strat\u00e9gique consiste \u00e0 favoriser la collaboration entre les trois \u00e9quipes afin d\u2019assurer une approche centr\u00e9e sur les Inuits, holistique et int\u00e9gr\u00e9e dans le d\u00e9veloppement des programmes et la prestation des services. Le directeur ou la directrice des programmes accompagne et soutient \u00e9galement les gestionnaires et le personnel inuits, contribuant ainsi \u00e0 l\u2019objectif plus large d\u2019Isuarsivik de b\u00e2tir une capacit\u00e9 et un leadership locaux durables.<\/p>\n<p>[\/vc_column_text][\/vc_column_inner][\/vc_row_inner][\/vc_column][\/vc_row][vc_row gap=\u00a0\u00bb35&Prime; css=\u00a0\u00bb.vc_custom_1651605702531{margin-top: 5% !important;margin-bottom: 5% !important;}\u00a0\u00bb][vc_column width=\u00a0\u00bb1\/3&Prime; css=\u00a0\u00bb.vc_custom_1651605734680{padding-bottom: 15px !important;}\u00a0\u00bb][vc_column_text]<\/p>\n<h4 style=\"font-size: 23px;\">Objectif du poste<\/h4>\n<p>[\/vc_column_text][\/vc_column][vc_column width=\u00a0\u00bb2\/3&Prime;][vc_column_text css=\u00a0\u00bb\u00a0\u00bb]Sous la direction du directeur g\u00e9n\u00e9ral, le directeur ou la directrice des programmes assure un leadership strat\u00e9gique et op\u00e9rationnel afin de veiller \u00e0 la coordination efficace, \u00e0 l\u2019int\u00e9gration et \u00e0 l\u2019am\u00e9lioration continue de la programmation d\u2019Isuarsivik. Ce r\u00f4le assure la coh\u00e9rence entre les secteurs de programme, soutient de solides pratiques cliniques et culturelles, et favorise un continuum de soins s\u00e9curitaire et de grande qualit\u00e9 dans le contexte de la consommation de substances et des traumatismes interg\u00e9n\u00e9rationnels.[\/vc_column_text][\/vc_column][\/vc_row][vc_row gap=\u00a0\u00bb35&Prime; css=\u00a0\u00bb.vc_custom_1651605749592{margin-top: 5% !important;margin-bottom: 5% !important;}\u00a0\u00bb][vc_column width=\u00a0\u00bb1\/3&Prime; css=\u00a0\u00bb.vc_custom_1651605875256{padding-bottom: 15px !important;}\u00a0\u00bb][vc_column_text]<\/p>\n<h4 style=\"font-size: 23px; line-height: 110%;\">Fonctions<br \/>\net responsabilit\u00e9s<\/h4>\n<p>[\/vc_column_text][\/vc_column][vc_column width=\u00a0\u00bb2\/3&Prime;][vc_column_text css=\u00a0\u00bb.vc_custom_1787232809980{padding-bottom: 50px !important;}\u00a0\u00bb]<\/p>\n<ul>\n<li>Offrir un leadership strat\u00e9gique et du soutien aux trois gestionnaires responsables des Valeurs et pratiques inuites, du R\u00e9tablissement et des Soins continus.<\/li>\n<li>Assurer une int\u00e9gration et une collaboration efficaces entre les trois d\u00e9partements de programmation afin d\u2019offrir aux usagers d\u2019Isuarsivik un continuum de services de r\u00e9tablissement coordonn\u00e9 et fluide.<\/li>\n<li>Favoriser un environnement qui int\u00e8gre les valeurs, les savoirs et les approches inuites, ainsi que de bonnes pratiques cliniques et une culture de responsabilisation.<\/li>\n<li>Diriger la planification annuelle des programmes de r\u00e9tablissement r\u00e9sidentiel et des semaines de gu\u00e9rison sur le territoire, en collaboration avec le personnel des programmes, et superviser l\u2019\u00e9laboration du calendrier annuel de programmation et de services en fonction des priorit\u00e9s organisationnelles et des besoins des communaut\u00e9s.<\/li>\n<li>Assurer la mise en \u0153uvre du mod\u00e8le logique du programme r\u00e9sidentiel et diriger l\u2019\u00e9laboration ainsi que la r\u00e9vision continue des outils cliniques li\u00e9s \u00e0 l\u2019ensemble de la programmation de l\u2019organisation.<\/li>\n<li>\u00c9tablir et suivre les objectifs des programmes, les indicateurs de rendement et les processus d\u2019\u00e9valuation afin de soutenir l\u2019am\u00e9lioration continue de la qualit\u00e9.<\/li>\n<li>Veiller \u00e0 ce que les politiques, proc\u00e9dures et pratiques des programmes soutiennent une prestation de services s\u00e9curitaire, coh\u00e9rente, culturellement appropri\u00e9e et de grande qualit\u00e9.<\/li>\n<li>Veiller \u00e0 ce que les services et les interventions cliniques respectent les normes applicables d\u2019Agr\u00e9ment Canada et du minist\u00e8re de la Sant\u00e9 et des Services sociaux (MSSS), ainsi que les politiques et exigences organisationnelles.<\/li>\n<li>Diriger l\u2019\u00e9laboration d\u2019initiatives favorisant un milieu de travail sain, respectueux et collaboratif.<\/li>\n<li>Superviser le recrutement et la s\u00e9lection du personnel r\u00e9gulier et contractuel des programmes, en collaboration avec les ressources humaines et les gestionnaires concern\u00e9s.<\/li>\n<li>D\u00e9velopper et soutenir des initiatives qui renforcent le d\u00e9veloppement professionnel du personnel et des gestionnaires des programmes.<br \/>\nDiriger des comit\u00e9s internes et externes, des groupes de travail et des initiatives li\u00e9s \u00e0 l\u2019h\u00e9bergement, \u00e0 la programmation, au r\u00e9tablissement, \u00e0 la pratique clinique, \u00e0 l\u2019am\u00e9lioration de la qualit\u00e9 et au d\u00e9veloppement des services.<\/li>\n<li>D\u00e9velopper et maintenir de solides relations de travail avec les partenaires communautaires, de la sant\u00e9, des services sociaux et autres partenaires pertinents afin de renforcer la continuit\u00e9 des soins et la coordination des services.<\/li>\n<li>Conseiller le directeur g\u00e9n\u00e9ral sur les priorit\u00e9s li\u00e9es aux services et les besoins \u00e9mergents en mati\u00e8re d\u2019am\u00e9lioration des services.<\/li>\n<li>Assurer un suivi appropri\u00e9 des risques et incidents li\u00e9s aux programmes, et soutenir les mesures correctives et pr\u00e9ventives lorsque n\u00e9cessaire.<br \/>\nEffectuer toute autre t\u00e2che assign\u00e9e par le directeur g\u00e9n\u00e9ral.<\/li>\n<\/ul>\n<p>[\/vc_column_text][\/vc_column][\/vc_row][vc_row gap=\u00a0\u00bb35&Prime; css=\u00a0\u00bb.vc_custom_1651605762423{margin-top: 5% !important;margin-bottom: 5% !important;}\u00a0\u00bb][vc_column width=\u00a0\u00bb1\/3&Prime; css=\u00a0\u00bb.vc_custom_1651605882173{padding-bottom: 15px !important;}\u00a0\u00bb][vc_column_text]<\/p>\n<h4 style=\"font-size: 23px; line-height: 110%;\">Qualifications<\/h4>\n<p>[\/vc_column_text][\/vc_column][vc_column width=\u00a0\u00bb2\/3&Prime;][vc_column_text css=\u00a0\u00bb.vc_custom_1787232918167{padding-bottom: 50px !important;}\u00a0\u00bb]<\/p>\n<h5 style=\"color: #cc9a2e; font-size: 16px;\">Formation<\/h5>\n<ul>\n<li data-section-id=\"oljeki\" data-start=\"5588\" data-end=\"5662\">Dipl\u00f4me universitaire dans une discipline li\u00e9e \u00e0 l\u2019intervention sociale.<\/li>\n<li data-section-id=\"1x58rol\" data-start=\"5663\" data-end=\"5774\">Une sp\u00e9cialisation en gestion des services de sant\u00e9 et des services sociaux serait consid\u00e9r\u00e9e comme un atout.<\/li>\n<\/ul>\n<p>[\/vc_column_text][vc_column_text css=\u00a0\u00bb.vc_custom_1787232941760{padding-bottom: 50px !important;}\u00a0\u00bb]<\/p>\n<h5 style=\"color: #cc9a2e; font-size: 16px;\">Exp\u00e9rience de travail<\/h5>\n<ul>\n<li>Dix ans d\u2019exp\u00e9rience dans un poste de gestion dans le domaine de l\u2019intervention sociale.<\/li>\n<li>Cinq ans d\u2019exp\u00e9rience comme clinicien ou clinicienne dans le domaine de la consommation de substances.<\/li>\n<li>Exp\u00e9rience dans un \u00e9tablissement de r\u00e9tablissement r\u00e9sidentiel.<br \/>\nUne exp\u00e9rience de travail significative au Nunavik ou dans un autre contexte autochtone serait consid\u00e9r\u00e9e comme un atout.<\/li>\n<\/ul>\n<p>[\/vc_column_text][vc_column_text css=\u00a0\u00bb.vc_custom_1787232988879{padding-bottom: 50px !important;}\u00a0\u00bb]<\/p>\n<h5 style=\"color: #cc9a2e; font-size: 16px;\">Connaissances et comp\u00e9tences<\/h5>\n<ul>\n<li>Style de leadership collaboratif et ax\u00e9 sur les personnes.<br \/>\nGrande capacit\u00e9 d\u2019adaptation dans des contextes vari\u00e9s et en \u00e9volution.<br \/>\nCapacit\u00e9 \u00e0 mentorer des gestionnaires dans un contexte interculturel.<\/li>\n<li>Excellentes comp\u00e9tences en communication, tant \u00e0 l\u2019oral qu\u2019\u00e0 l\u2019\u00e9crit.<br \/>\nSolides comp\u00e9tences en planification et en organisation.<br \/>\nCompassion, optimisme et agilit\u00e9.<\/li>\n<li>Passion pour le d\u00e9veloppement individuel et le d\u00e9veloppement d\u2019\u00e9quipe.<br \/>\nComp\u00e9tence culturelle favorisant la diversit\u00e9, l\u2019\u00e9quit\u00e9 et l\u2019inclusion.<\/li>\n<li>Promotion et maintien d\u2019un mode de vie sain dans la communaut\u00e9.<\/li>\n<li>Maintien des plus hauts niveaux de confidentialit\u00e9 et de professionnalisme.<\/li>\n<li>La personne candidate doit \u00eatre dispos\u00e9e \u00e0 se soumettre \u00e0 une v\u00e9rification du casier judiciaire.<\/li>\n<\/ul>\n<p>[\/vc_column_text][\/vc_column][\/vc_row][vc_row gap=\u00a0\u00bb35&Prime; css=\u00a0\u00bb.vc_custom_1651605776186{margin-top: 5% !important;margin-bottom: 5% !important;}\u00a0\u00bb][vc_column width=\u00a0\u00bb1\/3&Prime; css=\u00a0\u00bb.vc_custom_1651605894475{padding-bottom: 15px !important;}\u00a0\u00bb][vc_column_text css=\u00a0\u00bb\u00a0\u00bb]<\/p>\n<h4 style=\"font-size: 23px; line-height: 110%;\">Langues<\/h4>\n<p>[\/vc_column_text][\/vc_column][vc_column width=\u00a0\u00bb2\/3&Prime;][vc_column_text css=\u00a0\u00bb\u00a0\u00bb]<\/p>\n<ul>\n<li data-section-id=\"14akty7\" data-start=\"7002\" data-end=\"7060\">Excellente ma\u00eetrise de l\u2019anglais, \u00e0 l\u2019oral et \u00e0 l\u2019\u00e9crit.<\/li>\n<li data-section-id=\"6p3sck\" data-start=\"7061\" data-end=\"7166\" data-is-last-node=\"\">Ma\u00eetrise fonctionnelle du fran\u00e7ais ou de l\u2019inuktitut, \u00e0 l\u2019oral et \u00e0 l\u2019\u00e9crit, consid\u00e9r\u00e9e comme un atout.<\/li>\n<\/ul>\n<p>[\/vc_column_text][\/vc_column][\/vc_row][vc_row css=\u00a0\u00bb.vc_custom_1652381784103{margin-top: 200px !important;padding-bottom: 100px !important;background-color: #8bb9ad !important;}\u00a0\u00bb el_id=\u00a0\u00bbjob-form\u00a0\u00bb][vc_column el_id=\u00a0\u00bbjob-form\u00a0\u00bb][vc_column_text css=\u00a0\u00bb.vc_custom_1787233035975{background-color: #f8f8f5 !important;border-radius: 35px !important;}\u00a0\u00bb el_class=\u00a0\u00bbformulaire-career\u00a0\u00bb]\n<div class=\"wpcf7 no-js\" id=\"wpcf7-f14186-o1\" lang=\"en-US\" dir=\"ltr\" data-wpcf7-id=\"14186\">\n<div class=\"screen-reader-response\"><p role=\"status\" aria-live=\"polite\" aria-atomic=\"true\"><\/p> <ul><\/ul><\/div>\n<form action=\"\/fr\/wp-json\/wp\/v2\/pages\/14182#wpcf7-f14186-o1\" method=\"post\" class=\"wpcf7-form init\" aria-label=\"Contact form\" enctype=\"multipart\/form-data\" novalidate=\"novalidate\" data-status=\"init\">\n<fieldset class=\"hidden-fields-container\"><input type=\"hidden\" name=\"_wpcf7\" value=\"14186\" \/><input type=\"hidden\" name=\"_wpcf7_version\" value=\"6.1.7\" \/><input type=\"hidden\" name=\"_wpcf7_locale\" value=\"en_US\" \/><input type=\"hidden\" name=\"_wpcf7_unit_tag\" value=\"wpcf7-f14186-o1\" \/><input type=\"hidden\" name=\"_wpcf7_container_post\" value=\"0\" \/><input type=\"hidden\" name=\"_wpcf7_posted_data_hash\" value=\"\" \/><input type=\"hidden\" name=\"_wpcf7_recaptcha_response\" value=\"\" \/>\n<\/fieldset>\n<div class=\"wpcf7-turnstile cf-turnstile\" data-sitekey=\"0x4AAAAAAD_QmE7X4q0EqOzD\" data-response-field-name=\"_wpcf7_turnstile_response\"><\/div>\n\n<div id=\"job-form\">\n<h2 class=\"career-form-title\" style=\"text-align:center; padding:40px 0;\">Soumettre ma candidature pour ce poste<\/h2>\n\n<div class=\"one-half\">\n   <label> Pr\u00e9nom* <span class=\"wpcf7-form-control-wrap\" data-name=\"First-name\"><input size=\"40\" maxlength=\"400\" class=\"wpcf7-form-control wpcf7-text wpcf7-validates-as-required\" aria-required=\"true\" aria-invalid=\"false\" value=\"\" type=\"text\" name=\"First-name\" \/><\/span><\/label>\n<\/div>\n \n<div class=\"one-half last\">\n     <label> Nom* <span class=\"wpcf7-form-control-wrap\" data-name=\"Last-name\"><input size=\"40\" maxlength=\"400\" class=\"wpcf7-form-control wpcf7-text wpcf7-validates-as-required\" aria-required=\"true\" aria-invalid=\"false\" value=\"\" type=\"text\" name=\"Last-name\" \/><\/span><\/label>\n<\/div>\n\n<div class=\"one-half\">\n      <label> Adresse courriel* <span class=\"wpcf7-form-control-wrap\" data-name=\"your-email\"><input size=\"40\" maxlength=\"400\" class=\"wpcf7-form-control wpcf7-email wpcf7-validates-as-required wpcf7-text wpcf7-validates-as-email\" aria-required=\"true\" aria-invalid=\"false\" value=\"\" type=\"email\" name=\"your-email\" \/><\/span> <\/label>\n<\/div>\n \n<div class=\"one-half last\">\n       <label> Num\u00e9ro de t\u00e9l\u00e9phone <span class=\"wpcf7-form-control-wrap\" data-name=\"Phonenumber\"><input size=\"40\" maxlength=\"400\" class=\"wpcf7-form-control wpcf7-tel wpcf7-text wpcf7-validates-as-tel\" aria-invalid=\"false\" value=\"\" type=\"tel\" name=\"Phonenumber\" \/><\/span><\/label>\n<\/div>\n\n<div class=\"one-half\">\n      <label> Confirmer votre adresse courriel* <span class=\"wpcf7-form-control-wrap\" data-name=\"your-email\"><input size=\"40\" maxlength=\"400\" class=\"wpcf7-form-control wpcf7-email wpcf7-validates-as-required wpcf7-text wpcf7-validates-as-email\" aria-required=\"true\" aria-invalid=\"false\" value=\"\" type=\"email\" name=\"your-email\" \/><\/span> <\/label>\n<\/div>\n \n<div class=\"one-half last\">\n       <label> Confirmer votre num\u00e9ro de t\u00e9l\u00e9phone <span class=\"wpcf7-form-control-wrap\" data-name=\"Phonenumber\"><input size=\"40\" maxlength=\"400\" class=\"wpcf7-form-control wpcf7-tel wpcf7-text wpcf7-validates-as-tel\" aria-invalid=\"false\" value=\"\" type=\"tel\" name=\"Phonenumber\" \/><\/span><\/label>\n<\/div>\n\n\n<div class=\"one-half\">\n   <label> Communaut\u00e9\/ville <span class=\"wpcf7-form-control-wrap\" data-name=\"City\"><input size=\"40\" maxlength=\"400\" class=\"wpcf7-form-control wpcf7-text wpcf7-validates-as-required\" aria-required=\"true\" aria-invalid=\"false\" value=\"\" type=\"text\" name=\"City\" \/><\/span> <\/label>\n<\/div>\n \n<div class=\"one-half last\">\n   <label> Province <span class=\"wpcf7-form-control-wrap\" data-name=\"Provinces\"><select class=\"wpcf7-form-control wpcf7-select\" aria-invalid=\"false\" name=\"Provinces\"><option value=\"Alberta\">Alberta<\/option><option value=\"Colombie-Britannique\">Colombie-Britannique<\/option><option value=\"\u00cele-du-Prince-\u00c9douard\">\u00cele-du-Prince-\u00c9douard<\/option><option value=\"Manitoba\">Manitoba<\/option><option value=\"Nouveau-Brunswick\">Nouveau-Brunswick<\/option><option value=\"Nouvelle-\u00c9cosse\">Nouvelle-\u00c9cosse<\/option><option value=\"Ontario\">Ontario<\/option><option value=\"Qu\u00e9bec\">Qu\u00e9bec<\/option><option value=\"Saskatchewan\">Saskatchewan<\/option><option value=\"Terre-Neuve-et-Labrador\">Terre-Neuve-et-Labrador<\/option><\/select><\/span><\/label>\n<\/div>\n\n<label> \u00cates-vous b\u00e9n\u00e9ficiaire de l'une des ententes sur les revendications territoriales des Inuits\n<span style=\"font-weight:500;\">(Nunavik, Nunavut, Inuvialuit, Nunatsiavut)?<\/span><\/label>\n<span class=\"wpcf7-form-control-wrap\" data-name=\"radio-246\"><span class=\"wpcf7-form-control wpcf7-radio\"><span class=\"wpcf7-list-item first\"><label><input type=\"radio\" name=\"radio-246\" value=\"Oui\" checked=\"checked\" \/><span class=\"wpcf7-list-item-label\">Oui<\/span><\/label><\/span><span class=\"wpcf7-list-item last\"><label><input type=\"radio\" name=\"radio-246\" value=\"Non\" \/><span class=\"wpcf7-list-item-label\">Non<\/span><\/label><\/span><\/span><\/span> \n\n<label> Partage-nous ton int\u00e9r\u00eat pour joindre Isuarsivik <span class=\"wpcf7-form-control-wrap\" data-name=\"your-message\"><textarea cols=\"40\" rows=\"10\" maxlength=\"2000\" class=\"wpcf7-form-control wpcf7-textarea\" aria-invalid=\"false\" name=\"your-message\"><\/textarea><\/span> <\/label>\n\n<label>Quels sont vos emplois pr\u00e9c\u00e9dents? <span class=\"wpcf7-form-control-wrap\" data-name=\"previous-workplace\"><textarea cols=\"40\" rows=\"10\" maxlength=\"2000\" class=\"wpcf7-form-control wpcf7-textarea\" aria-invalid=\"false\" name=\"previous-workplace\"><\/textarea><\/span> <\/label>\n\n<label>Quelles sont vos comp\u00e9tences professionnelles? <span class=\"wpcf7-form-control-wrap\" data-name=\"competencies\"><textarea cols=\"40\" rows=\"10\" maxlength=\"2000\" class=\"wpcf7-form-control wpcf7-textarea\" aria-invalid=\"false\" name=\"competencies\"><\/textarea><\/span> <\/label>\n\n<label>Pourquoi devrions-nous vous engager? <span class=\"wpcf7-form-control-wrap\" data-name=\"why-hire\"><textarea cols=\"40\" rows=\"10\" maxlength=\"2000\" class=\"wpcf7-form-control wpcf7-textarea\" aria-invalid=\"false\" name=\"why-hire\"><\/textarea><\/span> <\/label>\n\n<label>Sur quelle offre d'emploi souhaites-tu poser ta candidature?* <\/label>\n<label> \n    <span class=\"wpcf7-form-control-wrap\" data-name=\"Firstchoice\"><select class=\"wpcf7-form-control wpcf7-select wpcf7-validates-as-required\" aria-required=\"true\" aria-invalid=\"false\" name=\"Firstchoice\"><option value=\"Aucun poste pr\u00e9cis\">Aucun poste pr\u00e9cis<\/option><option value=\"A\u00een\u00e9e conseill\u00e8re\">A\u00een\u00e9e conseill\u00e8re<\/option><option value=\"Conseiller ou Conseill\u00e8re en R\u00e9tablissement\">Conseiller ou Conseill\u00e8re en R\u00e9tablissement<\/option><option value=\"Coordonnateur \u2013 Services communautaires\">Coordonnateur \u2013 Services communautaires<\/option><option value=\"\u00c9ducateur(rice) de la petite enfance\">\u00c9ducateur(rice) de la petite enfance<\/option><option value=\"Facilitateur Culturel (Puvirnituq)\">Facilitateur Culturel (Puvirnituq)<\/option><option value=\"Facilitateur Culturel (Kuujjuaq)\">Facilitateur Culturel (Kuujjuaq)<\/option><option value=\"Gestionnaire des Services de R\u00e9tablissement\">Gestionnaire des Services de R\u00e9tablissement<\/option><option value=\"Interpr\u00e8te\/Traducteur(trice)\">Interpr\u00e8te\/Traducteur(trice)<\/option><option value=\"Pr\u00e9pos\u00e9(e)\">Pr\u00e9pos\u00e9(e)<\/option><option value=\"Adjoint(e) administratif(ve)\">Adjoint(e) administratif(ve)<\/option><option value=\"Agent(e) de Liaison Culturelle\">Agent(e) de Liaison Culturelle<\/option><option value=\"Coordonnateur ou Coordonnatrice de l\u2019Entretien et des Actifs\">Coordonnateur ou Coordonnatrice de l\u2019Entretien et des Actifs<\/option><option value=\"Commis de cuisine\">Commis de cuisine<\/option><option value=\"Concierge\">Concierge<\/option><option value=\"Cuisinier(\u00e8re)\">Cuisinier(\u00e8re)<\/option><option value=\"Directeur ou directrice des finances, de l\u2019administration et des ressources humaines\">Directeur ou directrice des finances, de l\u2019administration et des ressources humaines<\/option><option value=\"Sp\u00e9cialiste des Ressources Humaines\">Sp\u00e9cialiste des Ressources Humaines<\/option><option value=\"Technicien(ne) Comptable\">Technicien(ne) Comptable<\/option><\/select><\/span> \n<\/label>\n\n\n<label> Lettre de motivation ou CV\n<span class=\"wpcf7-form-control-wrap\" data-name=\"LettredemotivationCV\"><input size=\"40\" class=\"wpcf7-form-control wpcf7-file\" accept=\".png,.jpg,.doc,.ppt,.pdf,.docx\" aria-invalid=\"false\" type=\"file\" name=\"LettredemotivationCV\" \/><\/span><\/label>\n\n<label> T\u00e9l\u00e9charger des documents\n<span class=\"wpcf7-form-control-wrap\" data-name=\"Document\"><input size=\"40\" class=\"wpcf7-form-control wpcf7-file\" accept=\".png,.jpg,.doc,.ppt,.pdf,.docx\" aria-invalid=\"false\" type=\"file\" name=\"Document\" \/><\/span><\/label>\n\n<label style=\"margin-bottom:30px;\">O\u00f9 as-tu entendu parler des opportunit\u00e9s de carri\u00e8re d\u2019Isuarsivik?\n<span class=\"wpcf7-form-control-wrap\" data-name=\"Pointdecontact\"><select class=\"wpcf7-form-control wpcf7-select\" aria-invalid=\"false\" name=\"Pointdecontact\"><option value=\"Revue\/Journaux\">Revue\/Journaux<\/option><option value=\"M\u00e9dias sociaux (Facebook, Instagram, Linkedin, etc.)\">M\u00e9dias sociaux (Facebook, Instagram, Linkedin, etc.)<\/option><option value=\"Pr\u00e9sentoirs dans les a\u00e9roports et co-ops\">Pr\u00e9sentoirs dans les a\u00e9roports et co-ops<\/option><option value=\"D\u00e9pliants\/Envois postaux\">D\u00e9pliants\/Envois postaux<\/option><option value=\"Famille\/Amis\">Famille\/Amis<\/option><option value=\"Spotify\">Spotify<\/option><option value=\"Autres\">Autres<\/option><\/select><\/span><\/label>\n<\/div>\n\n<input class=\"wpcf7-form-control wpcf7-submit has-spinner\" type=\"submit\" value=\"Envoyer votre candidature\" \/>\n<\/div><input type=\"hidden\" id=\"ct_checkjs_cf7_9431c87f273e507e6040fcb07dcb4509\" name=\"ct_checkjs_cf7\" value=\"0\" \/><input\n                    class=\"apbct_special_field apbct_email_id__wp_contact_form_7\"\n                    name=\"apbct__email_id__wp_contact_form_7\"\n                    aria-label=\"apbct__label_id__wp_contact_form_7\"\n                    type=\"text\" size=\"30\" maxlength=\"200\" autocomplete=\"off\"\n                    value=\"\"\n                \/><div class=\"wpcf7-response-output\" aria-hidden=\"true\"><\/div>\n<\/form>\n<\/div>\n[\/vc_column_text][\/vc_column][\/vc_row]<\/p>\n<\/div>","protected":false},"excerpt":{"rendered":"<p>[vc_row css=\u00a0\u00bb.vc_custom_1650943584164{background-color: #f8f8f5 !important;}\u00a0\u00bb][vc_column offset=\u00a0\u00bbvc_hidden-xs\u00a0\u00bb][vc_empty_space height=\u00a0\u00bb60px\u00a0\u00bb][\/vc_column][\/vc_row][vc_row css=\u00a0\u00bb.vc_custom_1650995018858{padding-bottom: 50px !important;background-color: #f8f8f5 !important;}\u00a0\u00bb][vc_column][vc_row_inner el_class=\u00a0\u00bbintro-title\u00a0\u00bb][vc_column_inner width=\u00a0\u00bb2\/3&Prime;][vc_column_text css=\u00a0\u00bb\u00a0\u00bb] Directeur ou Directrice des Programmes [\/vc_column_text][\/vc_column_inner][vc_column_inner el_class=\u00a0\u00bbbloc-intro-CTA\u00a0\u00bb width=\u00a0\u00bb1\/3&Prime;][\/vc_column_inner][\/vc_row_inner][vc_row_inner gap=\u00a0\u00bb35&Prime; css=\u00a0\u00bb.vc_custom_1651605656280{padding-top: 30px !important;}\u00a0\u00bb][vc_column_inner width=\u00a0\u00bb1\/3&Prime; css=\u00a0\u00bb.vc_custom_1650995395638{padding-right: 15% !important;}\u00a0\u00bb][vc_column_text css=\u00a0\u00bb.vc_custom_1787232595150{padding-bottom: 20px !important;}\u00a0\u00bb] Conditions Permanent \/ temps plein [\/vc_column_text][vc_column_text css=\u00a0\u00bb.vc_custom_1787232622754{padding-bottom: &hellip; <a href=\"https:\/\/isuarsivik.ca\/fr\/nos-offres-demploi\/directeur-des-programmes\/\">Continue reading <span class=\"meta-nav\">&rarr;<\/span><\/a><\/p>\n","protected":false},"author":9,"featured_media":0,"parent":25454,"menu_order":0,"comment_status":"closed","ping_status":"closed","template":"page-templates\/fullwidth-template.php","meta":{"footnotes":""},"wf_page_folders":[244],"class_list":["post-14182","page","type-page","status-publish","hentry"],"_links":{"self":[{"href":"https:\/\/isuarsivik.ca\/fr\/wp-json\/wp\/v2\/pages\/14182","targetHints":{"allow":["GET"]}}],"collection":[{"href":"https:\/\/isuarsivik.ca\/fr\/wp-json\/wp\/v2\/pages"}],"about":[{"href":"https:\/\/isuarsivik.ca\/fr\/wp-json\/wp\/v2\/types\/page"}],"author":[{"embeddable":true,"href":"https:\/\/isuarsivik.ca\/fr\/wp-json\/wp\/v2\/users\/9"}],"replies":[{"embeddable":true,"href":"https:\/\/isuarsivik.ca\/fr\/wp-json\/wp\/v2\/comments?post=14182"}],"version-history":[{"count":3,"href":"https:\/\/isuarsivik.ca\/fr\/wp-json\/wp\/v2\/pages\/14182\/revisions"}],"predecessor-version":[{"id":25234,"href":"https:\/\/isuarsivik.ca\/fr\/wp-json\/wp\/v2\/pages\/14182\/revisions\/25234"}],"up":[{"embeddable":true,"href":"https:\/\/isuarsivik.ca\/fr\/wp-json\/wp\/v2\/pages\/25454"}],"wp:attachment":[{"href":"https:\/\/isuarsivik.ca\/fr\/wp-json\/wp\/v2\/media?parent=14182"}],"wp:term":[{"taxonomy":"wf_page_folders","embeddable":true,"href":"https:\/\/isuarsivik.ca\/fr\/wp-json\/wp\/v2\/wf_page_folders?post=14182"}],"curies":[{"name":"wp","href":"https:\/\/api.w.org\/{rel}","templated":true}]}}